{"id":13034,"date":"2023-05-22T16:23:48","date_gmt":"2023-05-22T14:23:48","guid":{"rendered":"https:\/\/www.bueter-hubtische.de\/referenties\/"},"modified":"2025-09-09T14:57:33","modified_gmt":"2025-09-09T12:57:33","slug":"referenties","status":"publish","type":"page","link":"https:\/\/www.bueter-hubtische.de\/nl\/referenties\/","title":{"rendered":"Referenties"},"content":{"rendered":"\t\t<div data-elementor-type=\"wp-page\" data-elementor-id=\"13034\" class=\"elementor elementor-13034 elementor-163\" wpc-filter-elementor-widget=\"1\" data-elementor-post-type=\"page\">\n\t\t\t\t\t\t<section class=\"elementor-section elementor-top-section elementor-element elementor-element-cb9702b elementor-section-boxed elementor-section-height-default elementor-section-height-default\" data-id=\"cb9702b\" data-element_type=\"section\" data-e-type=\"section\" data-settings=\"{&quot;background_background&quot;:&quot;classic&quot;}\">\n\t\t\t\t\t\t<div class=\"elementor-container elementor-column-gap-no\">\n\t\t\t\t\t<div class=\"elementor-column elementor-col-100 elementor-top-column elementor-element elementor-element-7d5ffb1\" data-id=\"7d5ffb1\" data-element_type=\"column\" data-e-type=\"column\">\n\t\t\t<div class=\"elementor-widget-wrap elementor-element-populated\">\n\t\t\t\t\t\t<div class=\"elementor-element elementor-element-1cd2af3 elementor-widget elementor-widget-shortcode\" data-id=\"1cd2af3\" data-element_type=\"widget\" data-e-type=\"widget\" data-widget_type=\"shortcode.default\">\n\t\t\t\t<div class=\"elementor-widget-container\">\n\t\t\t\t\t\t\t<div class=\"elementor-shortcode\"><nav aria-label=\"breadcrumbs\" class=\"rank-math-breadcrumb\"><p><span class=\"last\">Startpagina<\/span><\/p><\/nav><\/div>\n\t\t\t\t\t\t<\/div>\n\t\t\t\t<\/div>\n\t\t\t\t<div class=\"elementor-element elementor-element-5da4208 elementor-widget elementor-widget-heading\" data-id=\"5da4208\" data-element_type=\"widget\" data-e-type=\"widget\" data-widget_type=\"heading.default\">\n\t\t\t\t<div class=\"elementor-widget-container\">\n\t\t\t\t\t<h1 class=\"elementor-heading-title elementor-size-default\">Een selectie van onze projecten  referenties<\/h1>\t\t\t\t<\/div>\n\t\t\t\t<\/div>\n\t\t\t\t<div class=\"elementor-element elementor-element-57ff06b elementor-widget elementor-widget-text-editor\" data-id=\"57ff06b\" data-element_type=\"widget\" data-e-type=\"widget\" data-widget_type=\"text-editor.default\">\n\t\t\t\t<div class=\"elementor-widget-container\">\n\t\t\t\t\t\t\t\t\t<p>Onze <a href=\"#projekte\">referentieprojecten<\/a> staan voor op maat gemaakte, innovatieve oplossingen die wij samen met onze klanten hebben gerealiseerd. Klik op de projecten om meer te weten te komen over de ingezette technologie\u00ebn en behaalde resultaten. <\/p><p>Daarnaast vindt u hier een <a href=\"#partner\">selectie van bedrijven<\/a> waarmee wij reeds succesvol hebben samengewerkt \u2013 hun logo&#8217;s staan voor vertrouwensvolle partnerschappen en sterke samenwerkingen.<\/p>\t\t\t\t\t\t\t\t<\/div>\n\t\t\t\t<\/div>\n\t\t\t\t\t<\/div>\n\t\t<\/div>\n\t\t\t\t\t<\/div>\n\t\t<\/section>\n\t\t\t\t<section class=\"elementor-section elementor-top-section elementor-element elementor-element-a5d623c elementor-section-boxed elementor-section-height-default elementor-section-height-default\" data-id=\"a5d623c\" data-element_type=\"section\" data-e-type=\"section\" id=\"projekte\">\n\t\t\t\t\t\t<div class=\"elementor-container elementor-column-gap-no\">\n\t\t\t\t\t<div class=\"elementor-column elementor-col-100 elementor-top-column elementor-element elementor-element-99a5dbd\" data-id=\"99a5dbd\" data-element_type=\"column\" data-e-type=\"column\">\n\t\t\t<div class=\"elementor-widget-wrap elementor-element-populated\">\n\t\t\t\t\t\t<div class=\"elementor-element elementor-element-17142b2 elementor-grid-3 elementor-grid-tablet-3 elementor-grid-mobile-1 elementor-widget elementor-widget-loop-grid\" data-id=\"17142b2\" data-element_type=\"widget\" data-e-type=\"widget\" data-settings=\"{&quot;template_id&quot;:13090,&quot;columns&quot;:3,&quot;columns_tablet&quot;:3,&quot;row_gap_tablet&quot;:{&quot;unit&quot;:&quot;px&quot;,&quot;size&quot;:0,&quot;sizes&quot;:[]},&quot;row_gap_mobile&quot;:{&quot;unit&quot;:&quot;px&quot;,&quot;size&quot;:15,&quot;sizes&quot;:[]},&quot;_skin&quot;:&quot;post&quot;,&quot;columns_mobile&quot;:&quot;1&quot;,&quot;edit_handle_selector&quot;:&quot;[data-elementor-type=\\&quot;loop-item\\&quot;]&quot;,&quot;row_gap&quot;:{&quot;unit&quot;:&quot;px&quot;,&quot;size&quot;:&quot;&quot;,&quot;sizes&quot;:[]}}\" data-widget_type=\"loop-grid.post\">\n\t\t\t\t<div class=\"elementor-widget-container\">\n\t\t\t\t\t\t\t<div class=\"elementor-loop-container elementor-grid\" role=\"list\">\n\t\t<style id=\"loop-13090\">.elementor-13090 .elementor-element.elementor-element-049ebba:not(.elementor-motion-effects-element-type-background) > .elementor-widget-wrap, .elementor-13090 .elementor-element.elementor-element-049ebba > .elementor-widget-wrap > .elementor-motion-effects-container > .elementor-motion-effects-layer{background-color:var( --e-global-color-astglobalcolor4 );}.elementor-13090 .elementor-element.elementor-element-049ebba:hover > .elementor-element-populated{background-color:var( --e-global-color-astglobalcolor0 );border-style:solid;border-width:1px 1px 1px 1px;border-color:var( --e-global-color-astglobalcolor3 );}.elementor-13090 .elementor-element.elementor-element-049ebba > .elementor-element-populated{border-style:solid;border-width:1px 1px 1px 1px;border-color:var( --e-global-color-astglobalcolor0 );box-shadow:-5px 5px 15px -5px rgba(0, 0, 0, 0.25);transition:background 0.3s, border 0.3s, border-radius 0.3s, box-shadow 0.3s;margin:0px 15px 15px 15px;--e-column-margin-right:15px;--e-column-margin-left:15px;padding:25px 25px 25px 25px;}.elementor-13090 .elementor-element.elementor-element-049ebba > .elementor-element-populated > .elementor-background-overlay{transition:background 0.3s, border-radius 0.3s, opacity 0.3s;}.elementor-13090 .elementor-element.elementor-element-05677a9 img{border-style:solid;border-width:1px 1px 1px 1px;border-color:var( --e-global-color-astglobalcolor0 );}.elementor-13090 .elementor-element.elementor-element-05677a9 > .elementor-widget-container{margin:-25px -25px 25px -25px;}.elementor-13090 .elementor-element.elementor-element-6f59f09 .elementor-heading-title{font-size:21px;line-height:1.2em;}.elementor-13090 .elementor-element.elementor-element-6f59f09 > .elementor-widget-container{margin:0px 0px 15px 0px;}.elementor-13090 .elementor-element.elementor-element-328cae8 .elementor-button{fill:var( --e-global-color-astglobalcolor4 );color:var( --e-global-color-astglobalcolor4 );background-color:var( --e-global-color-astglobalcolor3 );}.elementor-13090 .elementor-element.elementor-element-328cae8 .elementor-button:hover, .elementor-13090 .elementor-element.elementor-element-328cae8 .elementor-button:focus{color:var( --e-global-color-astglobalcolor4 );background-color:var( --e-global-color-astglobalcolor5 );}.elementor-13090 .elementor-element.elementor-element-328cae8 .elementor-button:hover svg, .elementor-13090 .elementor-element.elementor-element-328cae8 .elementor-button:focus svg{fill:var( --e-global-color-astglobalcolor4 );}@media(max-width:1024px){.elementor-13090 .elementor-element.elementor-element-049ebba > .elementor-element-populated{padding:20px 20px 20px 20px;}.elementor-13090 .elementor-element.elementor-element-05677a9 > .elementor-widget-container{margin:-20px -20px 20px -20px;}}@media(max-width:767px){.elementor-13090 .elementor-element.elementor-element-049ebba > .elementor-element-populated{padding:15px 15px 15px 15px;}.elementor-13090 .elementor-element.elementor-element-05677a9 > .elementor-widget-container{margin:-15px -15px 15px -15px;}}<\/style>\t\t<div data-elementor-type=\"loop-item\" data-elementor-id=\"13090\" class=\"elementor elementor-13090 elementor-3445 elementor-3445 e-loop-item e-loop-item-16091 post-16091 projekt type-projekt status-publish hentry\" wpc-filter-elementor-widget=\"1\" data-elementor-post-type=\"elementor_library\" data-custom-edit-handle=\"1\">\n\t\t\t\t\t<section class=\"elementor-section elementor-top-section elementor-element elementor-element-7a92eb7 elementor-section-boxed elementor-section-height-default elementor-section-height-default\" data-id=\"7a92eb7\" data-element_type=\"section\" data-e-type=\"section\">\n\t\t\t\t\t\t<div class=\"elementor-container elementor-column-gap-default\">\n\t\t\t\t\t<div class=\"elementor-column elementor-col-100 elementor-top-column elementor-element elementor-element-049ebba\" data-id=\"049ebba\" data-element_type=\"column\" data-e-type=\"column\" data-settings=\"{&quot;background_background&quot;:&quot;classic&quot;}\">\n\t\t\t<div class=\"elementor-widget-wrap elementor-element-populated\">\n\t\t\t\t\t\t<div class=\"elementor-element elementor-element-05677a9 elementor-widget elementor-widget-image\" data-id=\"05677a9\" data-element_type=\"widget\" data-e-type=\"widget\" data-widget_type=\"image.default\">\n\t\t\t\t<div class=\"elementor-widget-container\">\n\t\t\t\t\t\t\t\t\t\t\t\t\t\t\t<img fetchpriority=\"high\" decoding=\"async\" width=\"1000\" height=\"750\" src=\"https:\/\/www.bueter-hubtische.de\/wp-content\/uploads\/2025\/04\/bueter-hebetechnik-referenz-schwerlastheber-transportlogistik.jpg\" class=\"attachment-large size-large wp-image-16097\" alt=\"Schwerlastheber f\u00fcr industrielle Transportlogistik\" srcset=\"https:\/\/www.bueter-hubtische.de\/wp-content\/uploads\/2025\/04\/bueter-hebetechnik-referenz-schwerlastheber-transportlogistik.jpg 1000w, https:\/\/www.bueter-hubtische.de\/wp-content\/uploads\/2025\/04\/bueter-hebetechnik-referenz-schwerlastheber-transportlogistik-300x225.jpg 300w, https:\/\/www.bueter-hubtische.de\/wp-content\/uploads\/2025\/04\/bueter-hebetechnik-referenz-schwerlastheber-transportlogistik-768x576.jpg 768w\" sizes=\"(max-width: 1000px) 100vw, 1000px\" \/>\t\t\t\t\t\t\t\t\t\t\t\t\t\t\t<\/div>\n\t\t\t\t<\/div>\n\t\t\t\t<div class=\"elementor-element elementor-element-6f59f09 elementor-widget elementor-widget-heading\" data-id=\"6f59f09\" data-element_type=\"widget\" data-e-type=\"widget\" data-widget_type=\"heading.default\">\n\t\t\t\t<div class=\"elementor-widget-container\">\n\t\t\t\t\t<h3 class=\"elementor-heading-title elementor-size-default\">Zware lastenheffers voor industri\u00eble transportlogistiek<\/h3>\t\t\t\t<\/div>\n\t\t\t\t<\/div>\n\t\t\t\t<div class=\"elementor-element elementor-element-328cae8 elementor-widget elementor-widget-button\" data-id=\"328cae8\" data-element_type=\"widget\" data-e-type=\"widget\" data-widget_type=\"button.default\">\n\t\t\t\t<div class=\"elementor-widget-container\">\n\t\t\t\t\t\t\t\t\t<div class=\"elementor-button-wrapper\">\n\t\t\t\t\t<a class=\"elementor-button elementor-button-link elementor-size-sm\" href=\"https:\/\/www.bueter-hubtische.de\/nl\/project\/zware-lastenheffers-voor-industriele-transportlogistiek\/\" title=\"Projekt ansehen\">\n\t\t\t\t\t\t<span class=\"elementor-button-content-wrapper\">\n\t\t\t\t\t\t\t\t\t<span class=\"elementor-button-text\">Project bekijken<\/span>\n\t\t\t\t\t<\/span>\n\t\t\t\t\t<\/a>\n\t\t\t\t<\/div>\n\t\t\t\t\t\t\t\t<\/div>\n\t\t\t\t<\/div>\n\t\t\t\t\t<\/div>\n\t\t<\/div>\n\t\t\t\t\t<\/div>\n\t\t<\/section>\n\t\t\t\t<\/div>\n\t\t\t\t<div data-elementor-type=\"loop-item\" data-elementor-id=\"13090\" class=\"elementor elementor-13090 elementor-3445 elementor-3445 e-loop-item e-loop-item-16105 post-16105 projekt type-projekt status-publish hentry\" wpc-filter-elementor-widget=\"1\" data-elementor-post-type=\"elementor_library\" data-custom-edit-handle=\"1\">\n\t\t\t\t\t<section class=\"elementor-section elementor-top-section elementor-element elementor-element-7a92eb7 elementor-section-boxed elementor-section-height-default elementor-section-height-default\" data-id=\"7a92eb7\" data-element_type=\"section\" data-e-type=\"section\">\n\t\t\t\t\t\t<div class=\"elementor-container elementor-column-gap-default\">\n\t\t\t\t\t<div class=\"elementor-column elementor-col-100 elementor-top-column elementor-element elementor-element-049ebba\" data-id=\"049ebba\" data-element_type=\"column\" data-e-type=\"column\" data-settings=\"{&quot;background_background&quot;:&quot;classic&quot;}\">\n\t\t\t<div class=\"elementor-widget-wrap elementor-element-populated\">\n\t\t\t\t\t\t<div class=\"elementor-element elementor-element-05677a9 elementor-widget elementor-widget-image\" data-id=\"05677a9\" data-element_type=\"widget\" data-e-type=\"widget\" data-widget_type=\"image.default\">\n\t\t\t\t<div class=\"elementor-widget-container\">\n\t\t\t\t\t\t\t\t\t\t\t\t\t\t\t<img decoding=\"async\" width=\"1000\" height=\"750\" src=\"https:\/\/www.bueter-hubtische.de\/wp-content\/uploads\/2025\/04\/bueter-hebetechnik-referenz-praezisions-hebesysteme-luftfahrt-2.jpg\" class=\"attachment-large size-large wp-image-16106\" alt=\"Pr\u00e4zisions-Hebesysteme f\u00fcr die Luftfahrtproduktion\" srcset=\"https:\/\/www.bueter-hubtische.de\/wp-content\/uploads\/2025\/04\/bueter-hebetechnik-referenz-praezisions-hebesysteme-luftfahrt-2.jpg 1000w, https:\/\/www.bueter-hubtische.de\/wp-content\/uploads\/2025\/04\/bueter-hebetechnik-referenz-praezisions-hebesysteme-luftfahrt-2-300x225.jpg 300w, https:\/\/www.bueter-hubtische.de\/wp-content\/uploads\/2025\/04\/bueter-hebetechnik-referenz-praezisions-hebesysteme-luftfahrt-2-768x576.jpg 768w\" sizes=\"(max-width: 1000px) 100vw, 1000px\" \/>\t\t\t\t\t\t\t\t\t\t\t\t\t\t\t<\/div>\n\t\t\t\t<\/div>\n\t\t\t\t<div class=\"elementor-element elementor-element-6f59f09 elementor-widget elementor-widget-heading\" data-id=\"6f59f09\" data-element_type=\"widget\" data-e-type=\"widget\" data-widget_type=\"heading.default\">\n\t\t\t\t<div class=\"elementor-widget-container\">\n\t\t\t\t\t<h3 class=\"elementor-heading-title elementor-size-default\">Precisie-hefsystemen voor de luchtvaartproductie<\/h3>\t\t\t\t<\/div>\n\t\t\t\t<\/div>\n\t\t\t\t<div class=\"elementor-element elementor-element-328cae8 elementor-widget elementor-widget-button\" data-id=\"328cae8\" data-element_type=\"widget\" data-e-type=\"widget\" data-widget_type=\"button.default\">\n\t\t\t\t<div class=\"elementor-widget-container\">\n\t\t\t\t\t\t\t\t\t<div class=\"elementor-button-wrapper\">\n\t\t\t\t\t<a class=\"elementor-button elementor-button-link elementor-size-sm\" href=\"https:\/\/www.bueter-hubtische.de\/nl\/project\/precisie-hefsystemen-voor-de-luchtvaartproductie\/\" title=\"Projekt ansehen\">\n\t\t\t\t\t\t<span class=\"elementor-button-content-wrapper\">\n\t\t\t\t\t\t\t\t\t<span class=\"elementor-button-text\">Project bekijken<\/span>\n\t\t\t\t\t<\/span>\n\t\t\t\t\t<\/a>\n\t\t\t\t<\/div>\n\t\t\t\t\t\t\t\t<\/div>\n\t\t\t\t<\/div>\n\t\t\t\t\t<\/div>\n\t\t<\/div>\n\t\t\t\t\t<\/div>\n\t\t<\/section>\n\t\t\t\t<\/div>\n\t\t\t\t<div data-elementor-type=\"loop-item\" data-elementor-id=\"13090\" class=\"elementor elementor-13090 elementor-3445 elementor-3445 e-loop-item e-loop-item-16120 post-16120 projekt type-projekt status-publish hentry\" wpc-filter-elementor-widget=\"1\" data-elementor-post-type=\"elementor_library\" data-custom-edit-handle=\"1\">\n\t\t\t\t\t<section class=\"elementor-section elementor-top-section elementor-element elementor-element-7a92eb7 elementor-section-boxed elementor-section-height-default elementor-section-height-default\" data-id=\"7a92eb7\" data-element_type=\"section\" data-e-type=\"section\">\n\t\t\t\t\t\t<div class=\"elementor-container elementor-column-gap-default\">\n\t\t\t\t\t<div class=\"elementor-column elementor-col-100 elementor-top-column elementor-element elementor-element-049ebba\" data-id=\"049ebba\" data-element_type=\"column\" data-e-type=\"column\" data-settings=\"{&quot;background_background&quot;:&quot;classic&quot;}\">\n\t\t\t<div class=\"elementor-widget-wrap elementor-element-populated\">\n\t\t\t\t\t\t<div class=\"elementor-element elementor-element-05677a9 elementor-widget elementor-widget-image\" data-id=\"05677a9\" data-element_type=\"widget\" data-e-type=\"widget\" data-widget_type=\"image.default\">\n\t\t\t\t<div class=\"elementor-widget-container\">\n\t\t\t\t\t\t\t\t\t\t\t\t\t\t\t<img decoding=\"async\" width=\"1000\" height=\"750\" src=\"https:\/\/www.bueter-hubtische.de\/wp-content\/uploads\/2025\/04\/bueter-hebetechnik-referenz-montageplattformen-gabelstaplerproduktion.jpg\" class=\"attachment-large size-large wp-image-16123\" alt=\"Ergonomische Montageplattformen f\u00fcr Gabelstaplerproduktion\" srcset=\"https:\/\/www.bueter-hubtische.de\/wp-content\/uploads\/2025\/04\/bueter-hebetechnik-referenz-montageplattformen-gabelstaplerproduktion.jpg 1000w, https:\/\/www.bueter-hubtische.de\/wp-content\/uploads\/2025\/04\/bueter-hebetechnik-referenz-montageplattformen-gabelstaplerproduktion-300x225.jpg 300w, https:\/\/www.bueter-hubtische.de\/wp-content\/uploads\/2025\/04\/bueter-hebetechnik-referenz-montageplattformen-gabelstaplerproduktion-768x576.jpg 768w\" sizes=\"(max-width: 1000px) 100vw, 1000px\" \/>\t\t\t\t\t\t\t\t\t\t\t\t\t\t\t<\/div>\n\t\t\t\t<\/div>\n\t\t\t\t<div class=\"elementor-element elementor-element-6f59f09 elementor-widget elementor-widget-heading\" data-id=\"6f59f09\" data-element_type=\"widget\" data-e-type=\"widget\" data-widget_type=\"heading.default\">\n\t\t\t\t<div class=\"elementor-widget-container\">\n\t\t\t\t\t<h3 class=\"elementor-heading-title elementor-size-default\">Ergonomische montageplatforms voor heftruckproductie<\/h3>\t\t\t\t<\/div>\n\t\t\t\t<\/div>\n\t\t\t\t<div class=\"elementor-element elementor-element-328cae8 elementor-widget elementor-widget-button\" data-id=\"328cae8\" data-element_type=\"widget\" data-e-type=\"widget\" data-widget_type=\"button.default\">\n\t\t\t\t<div class=\"elementor-widget-container\">\n\t\t\t\t\t\t\t\t\t<div class=\"elementor-button-wrapper\">\n\t\t\t\t\t<a class=\"elementor-button elementor-button-link elementor-size-sm\" href=\"https:\/\/www.bueter-hubtische.de\/nl\/project\/ergonomische-montageplatforms-voor-heftruckproductie\/\" title=\"Projekt ansehen\">\n\t\t\t\t\t\t<span class=\"elementor-button-content-wrapper\">\n\t\t\t\t\t\t\t\t\t<span class=\"elementor-button-text\">Project bekijken<\/span>\n\t\t\t\t\t<\/span>\n\t\t\t\t\t<\/a>\n\t\t\t\t<\/div>\n\t\t\t\t\t\t\t\t<\/div>\n\t\t\t\t<\/div>\n\t\t\t\t\t<\/div>\n\t\t<\/div>\n\t\t\t\t\t<\/div>\n\t\t<\/section>\n\t\t\t\t<\/div>\n\t\t\t\t<div data-elementor-type=\"loop-item\" data-elementor-id=\"13090\" class=\"elementor elementor-13090 elementor-3445 elementor-3445 e-loop-item e-loop-item-16098 post-16098 projekt type-projekt status-publish hentry\" wpc-filter-elementor-widget=\"1\" data-elementor-post-type=\"elementor_library\" data-custom-edit-handle=\"1\">\n\t\t\t\t\t<section class=\"elementor-section elementor-top-section elementor-element elementor-element-7a92eb7 elementor-section-boxed elementor-section-height-default elementor-section-height-default\" data-id=\"7a92eb7\" data-element_type=\"section\" data-e-type=\"section\">\n\t\t\t\t\t\t<div class=\"elementor-container elementor-column-gap-default\">\n\t\t\t\t\t<div class=\"elementor-column elementor-col-100 elementor-top-column elementor-element elementor-element-049ebba\" data-id=\"049ebba\" data-element_type=\"column\" data-e-type=\"column\" data-settings=\"{&quot;background_background&quot;:&quot;classic&quot;}\">\n\t\t\t<div class=\"elementor-widget-wrap elementor-element-populated\">\n\t\t\t\t\t\t<div class=\"elementor-element elementor-element-05677a9 elementor-widget elementor-widget-image\" data-id=\"05677a9\" data-element_type=\"widget\" data-e-type=\"widget\" data-widget_type=\"image.default\">\n\t\t\t\t<div class=\"elementor-widget-container\">\n\t\t\t\t\t\t\t\t\t\t\t\t\t\t\t<img loading=\"lazy\" decoding=\"async\" width=\"1000\" height=\"750\" src=\"https:\/\/www.bueter-hubtische.de\/wp-content\/uploads\/2025\/04\/bueter-hebetechnik-referenz-hebetechnik-kirchenraum-2.jpg\" class=\"attachment-large size-large wp-image-16101\" alt=\"Unsichtbare Hebetechnik f\u00fcr Kirchenraum\" srcset=\"https:\/\/www.bueter-hubtische.de\/wp-content\/uploads\/2025\/04\/bueter-hebetechnik-referenz-hebetechnik-kirchenraum-2.jpg 1000w, https:\/\/www.bueter-hubtische.de\/wp-content\/uploads\/2025\/04\/bueter-hebetechnik-referenz-hebetechnik-kirchenraum-2-300x225.jpg 300w, https:\/\/www.bueter-hubtische.de\/wp-content\/uploads\/2025\/04\/bueter-hebetechnik-referenz-hebetechnik-kirchenraum-2-768x576.jpg 768w\" sizes=\"(max-width: 1000px) 100vw, 1000px\" \/>\t\t\t\t\t\t\t\t\t\t\t\t\t\t\t<\/div>\n\t\t\t\t<\/div>\n\t\t\t\t<div class=\"elementor-element elementor-element-6f59f09 elementor-widget elementor-widget-heading\" data-id=\"6f59f09\" data-element_type=\"widget\" data-e-type=\"widget\" data-widget_type=\"heading.default\">\n\t\t\t\t<div class=\"elementor-widget-container\">\n\t\t\t\t\t<h3 class=\"elementor-heading-title elementor-size-default\">Onzichtbare heftechniek voor kerkruimtes<\/h3>\t\t\t\t<\/div>\n\t\t\t\t<\/div>\n\t\t\t\t<div class=\"elementor-element elementor-element-328cae8 elementor-widget elementor-widget-button\" data-id=\"328cae8\" data-element_type=\"widget\" data-e-type=\"widget\" data-widget_type=\"button.default\">\n\t\t\t\t<div class=\"elementor-widget-container\">\n\t\t\t\t\t\t\t\t\t<div class=\"elementor-button-wrapper\">\n\t\t\t\t\t<a class=\"elementor-button elementor-button-link elementor-size-sm\" href=\"https:\/\/www.bueter-hubtische.de\/nl\/project\/onzichtbare-heftechniek-voor-kerkruimtes\/\" title=\"Projekt ansehen\">\n\t\t\t\t\t\t<span class=\"elementor-button-content-wrapper\">\n\t\t\t\t\t\t\t\t\t<span class=\"elementor-button-text\">Project bekijken<\/span>\n\t\t\t\t\t<\/span>\n\t\t\t\t\t<\/a>\n\t\t\t\t<\/div>\n\t\t\t\t\t\t\t\t<\/div>\n\t\t\t\t<\/div>\n\t\t\t\t\t<\/div>\n\t\t<\/div>\n\t\t\t\t\t<\/div>\n\t\t<\/section>\n\t\t\t\t<\/div>\n\t\t\t\t<div data-elementor-type=\"loop-item\" data-elementor-id=\"13090\" class=\"elementor elementor-13090 elementor-3445 elementor-3445 e-loop-item e-loop-item-16115 post-16115 projekt type-projekt status-publish hentry\" wpc-filter-elementor-widget=\"1\" data-elementor-post-type=\"elementor_library\" data-custom-edit-handle=\"1\">\n\t\t\t\t\t<section class=\"elementor-section elementor-top-section elementor-element elementor-element-7a92eb7 elementor-section-boxed elementor-section-height-default elementor-section-height-default\" data-id=\"7a92eb7\" data-element_type=\"section\" data-e-type=\"section\">\n\t\t\t\t\t\t<div class=\"elementor-container elementor-column-gap-default\">\n\t\t\t\t\t<div class=\"elementor-column elementor-col-100 elementor-top-column elementor-element elementor-element-049ebba\" data-id=\"049ebba\" data-element_type=\"column\" data-e-type=\"column\" data-settings=\"{&quot;background_background&quot;:&quot;classic&quot;}\">\n\t\t\t<div class=\"elementor-widget-wrap elementor-element-populated\">\n\t\t\t\t\t\t<div class=\"elementor-element elementor-element-05677a9 elementor-widget elementor-widget-image\" data-id=\"05677a9\" data-element_type=\"widget\" data-e-type=\"widget\" data-widget_type=\"image.default\">\n\t\t\t\t<div class=\"elementor-widget-container\">\n\t\t\t\t\t\t\t\t\t\t\t\t\t\t\t<img loading=\"lazy\" decoding=\"async\" width=\"1000\" height=\"750\" src=\"https:\/\/www.bueter-hubtische.de\/wp-content\/uploads\/2025\/04\/bueter-hebetechnik-referenz-spezialaufzug-bayerische-staatsoper.jpg\" class=\"attachment-large size-large wp-image-16116\" alt=\"Spezialaufzug f\u00fcr B\u00fchnenbild-Logistik der Bayerischen Staatsoper\" srcset=\"https:\/\/www.bueter-hubtische.de\/wp-content\/uploads\/2025\/04\/bueter-hebetechnik-referenz-spezialaufzug-bayerische-staatsoper.jpg 1000w, https:\/\/www.bueter-hubtische.de\/wp-content\/uploads\/2025\/04\/bueter-hebetechnik-referenz-spezialaufzug-bayerische-staatsoper-300x225.jpg 300w, https:\/\/www.bueter-hubtische.de\/wp-content\/uploads\/2025\/04\/bueter-hebetechnik-referenz-spezialaufzug-bayerische-staatsoper-768x576.jpg 768w\" sizes=\"(max-width: 1000px) 100vw, 1000px\" \/>\t\t\t\t\t\t\t\t\t\t\t\t\t\t\t<\/div>\n\t\t\t\t<\/div>\n\t\t\t\t<div class=\"elementor-element elementor-element-6f59f09 elementor-widget elementor-widget-heading\" data-id=\"6f59f09\" data-element_type=\"widget\" data-e-type=\"widget\" data-widget_type=\"heading.default\">\n\t\t\t\t<div class=\"elementor-widget-container\">\n\t\t\t\t\t<h3 class=\"elementor-heading-title elementor-size-default\">Speciale lift voor decorlogistiek van de Bayerische Staatsoper<\/h3>\t\t\t\t<\/div>\n\t\t\t\t<\/div>\n\t\t\t\t<div class=\"elementor-element elementor-element-328cae8 elementor-widget elementor-widget-button\" data-id=\"328cae8\" data-element_type=\"widget\" data-e-type=\"widget\" data-widget_type=\"button.default\">\n\t\t\t\t<div class=\"elementor-widget-container\">\n\t\t\t\t\t\t\t\t\t<div class=\"elementor-button-wrapper\">\n\t\t\t\t\t<a class=\"elementor-button elementor-button-link elementor-size-sm\" href=\"https:\/\/www.bueter-hubtische.de\/nl\/project\/speciale-lift-voor-decorlogistiek-van-de-bayerische-staatsoper\/\" title=\"Projekt ansehen\">\n\t\t\t\t\t\t<span class=\"elementor-button-content-wrapper\">\n\t\t\t\t\t\t\t\t\t<span class=\"elementor-button-text\">Project bekijken<\/span>\n\t\t\t\t\t<\/span>\n\t\t\t\t\t<\/a>\n\t\t\t\t<\/div>\n\t\t\t\t\t\t\t\t<\/div>\n\t\t\t\t<\/div>\n\t\t\t\t\t<\/div>\n\t\t<\/div>\n\t\t\t\t\t<\/div>\n\t\t<\/section>\n\t\t\t\t<\/div>\n\t\t\t\t<div data-elementor-type=\"loop-item\" data-elementor-id=\"13090\" class=\"elementor elementor-13090 elementor-3445 elementor-3445 e-loop-item e-loop-item-16130 post-16130 projekt type-projekt status-publish hentry\" wpc-filter-elementor-widget=\"1\" data-elementor-post-type=\"elementor_library\" data-custom-edit-handle=\"1\">\n\t\t\t\t\t<section class=\"elementor-section elementor-top-section elementor-element elementor-element-7a92eb7 elementor-section-boxed elementor-section-height-default elementor-section-height-default\" data-id=\"7a92eb7\" data-element_type=\"section\" data-e-type=\"section\">\n\t\t\t\t\t\t<div class=\"elementor-container elementor-column-gap-default\">\n\t\t\t\t\t<div class=\"elementor-column elementor-col-100 elementor-top-column elementor-element elementor-element-049ebba\" data-id=\"049ebba\" data-element_type=\"column\" data-e-type=\"column\" data-settings=\"{&quot;background_background&quot;:&quot;classic&quot;}\">\n\t\t\t<div class=\"elementor-widget-wrap elementor-element-populated\">\n\t\t\t\t\t\t<div class=\"elementor-element elementor-element-05677a9 elementor-widget elementor-widget-image\" data-id=\"05677a9\" data-element_type=\"widget\" data-e-type=\"widget\" data-widget_type=\"image.default\">\n\t\t\t\t<div class=\"elementor-widget-container\">\n\t\t\t\t\t\t\t\t\t\t\t\t\t\t\t<img loading=\"lazy\" decoding=\"async\" width=\"1000\" height=\"750\" src=\"https:\/\/www.bueter-hubtische.de\/wp-content\/uploads\/2025\/04\/bueter-hebetechnik-referenz-hebetechnik-museumsausbau-2.jpg\" class=\"attachment-large size-large wp-image-16132\" alt=\"Hebetechnik f\u00fcr den Museumsausbau im Paleis Het Loo\" srcset=\"https:\/\/www.bueter-hubtische.de\/wp-content\/uploads\/2025\/04\/bueter-hebetechnik-referenz-hebetechnik-museumsausbau-2.jpg 1000w, https:\/\/www.bueter-hubtische.de\/wp-content\/uploads\/2025\/04\/bueter-hebetechnik-referenz-hebetechnik-museumsausbau-2-300x225.jpg 300w, https:\/\/www.bueter-hubtische.de\/wp-content\/uploads\/2025\/04\/bueter-hebetechnik-referenz-hebetechnik-museumsausbau-2-768x576.jpg 768w\" sizes=\"(max-width: 1000px) 100vw, 1000px\" \/>\t\t\t\t\t\t\t\t\t\t\t\t\t\t\t<\/div>\n\t\t\t\t<\/div>\n\t\t\t\t<div class=\"elementor-element elementor-element-6f59f09 elementor-widget elementor-widget-heading\" data-id=\"6f59f09\" data-element_type=\"widget\" data-e-type=\"widget\" data-widget_type=\"heading.default\">\n\t\t\t\t<div class=\"elementor-widget-container\">\n\t\t\t\t\t<h3 class=\"elementor-heading-title elementor-size-default\">Heftechniek voor de museumuitbreiding in Paleis Het Loo<\/h3>\t\t\t\t<\/div>\n\t\t\t\t<\/div>\n\t\t\t\t<div class=\"elementor-element elementor-element-328cae8 elementor-widget elementor-widget-button\" data-id=\"328cae8\" data-element_type=\"widget\" data-e-type=\"widget\" data-widget_type=\"button.default\">\n\t\t\t\t<div class=\"elementor-widget-container\">\n\t\t\t\t\t\t\t\t\t<div class=\"elementor-button-wrapper\">\n\t\t\t\t\t<a class=\"elementor-button elementor-button-link elementor-size-sm\" href=\"https:\/\/www.bueter-hubtische.de\/nl\/project\/heftechniek-voor-de-museumuitbreiding-in-paleis-het-loo\/\" title=\"Projekt ansehen\">\n\t\t\t\t\t\t<span class=\"elementor-button-content-wrapper\">\n\t\t\t\t\t\t\t\t\t<span class=\"elementor-button-text\">Project bekijken<\/span>\n\t\t\t\t\t<\/span>\n\t\t\t\t\t<\/a>\n\t\t\t\t<\/div>\n\t\t\t\t\t\t\t\t<\/div>\n\t\t\t\t<\/div>\n\t\t\t\t\t<\/div>\n\t\t<\/div>\n\t\t\t\t\t<\/div>\n\t\t<\/section>\n\t\t\t\t<\/div>\n\t\t\t\t<div data-elementor-type=\"loop-item\" data-elementor-id=\"13090\" class=\"elementor elementor-13090 elementor-3445 elementor-3445 e-loop-item e-loop-item-15638 post-15638 projekt type-projekt status-publish hentry\" wpc-filter-elementor-widget=\"1\" data-elementor-post-type=\"elementor_library\" data-custom-edit-handle=\"1\">\n\t\t\t\t\t<section class=\"elementor-section elementor-top-section elementor-element elementor-element-7a92eb7 elementor-section-boxed elementor-section-height-default elementor-section-height-default\" data-id=\"7a92eb7\" data-element_type=\"section\" data-e-type=\"section\">\n\t\t\t\t\t\t<div class=\"elementor-container elementor-column-gap-default\">\n\t\t\t\t\t<div class=\"elementor-column elementor-col-100 elementor-top-column elementor-element elementor-element-049ebba\" data-id=\"049ebba\" data-element_type=\"column\" data-e-type=\"column\" data-settings=\"{&quot;background_background&quot;:&quot;classic&quot;}\">\n\t\t\t<div class=\"elementor-widget-wrap elementor-element-populated\">\n\t\t\t\t\t\t<div class=\"elementor-element elementor-element-05677a9 elementor-widget elementor-widget-image\" data-id=\"05677a9\" data-element_type=\"widget\" data-e-type=\"widget\" data-widget_type=\"image.default\">\n\t\t\t\t<div class=\"elementor-widget-container\">\n\t\t\t\t\t\t\t\t\t\t\t\t\t\t\t<img loading=\"lazy\" decoding=\"async\" width=\"1000\" height=\"750\" src=\"https:\/\/www.bueter-hubtische.de\/wp-content\/uploads\/2025\/04\/bueter-hebetechnik-referenz-schwerlasttechnik-hyperloop-teststrecke-2.jpg\" class=\"attachment-large size-large wp-image-15641\" alt=\"Schwerlasttechnik f\u00fcr Europas erste Hyperloop-Teststrecke\" srcset=\"https:\/\/www.bueter-hubtische.de\/wp-content\/uploads\/2025\/04\/bueter-hebetechnik-referenz-schwerlasttechnik-hyperloop-teststrecke-2.jpg 1000w, https:\/\/www.bueter-hubtische.de\/wp-content\/uploads\/2025\/04\/bueter-hebetechnik-referenz-schwerlasttechnik-hyperloop-teststrecke-2-300x225.jpg 300w, https:\/\/www.bueter-hubtische.de\/wp-content\/uploads\/2025\/04\/bueter-hebetechnik-referenz-schwerlasttechnik-hyperloop-teststrecke-2-768x576.jpg 768w\" sizes=\"(max-width: 1000px) 100vw, 1000px\" \/>\t\t\t\t\t\t\t\t\t\t\t\t\t\t\t<\/div>\n\t\t\t\t<\/div>\n\t\t\t\t<div class=\"elementor-element elementor-element-6f59f09 elementor-widget elementor-widget-heading\" data-id=\"6f59f09\" data-element_type=\"widget\" data-e-type=\"widget\" data-widget_type=\"heading.default\">\n\t\t\t\t<div class=\"elementor-widget-container\">\n\t\t\t\t\t<h3 class=\"elementor-heading-title elementor-size-default\">Zware lastentechniek voor Europa&#8217;s eerste Hyperloop-testtraject<\/h3>\t\t\t\t<\/div>\n\t\t\t\t<\/div>\n\t\t\t\t<div class=\"elementor-element elementor-element-328cae8 elementor-widget elementor-widget-button\" data-id=\"328cae8\" data-element_type=\"widget\" data-e-type=\"widget\" data-widget_type=\"button.default\">\n\t\t\t\t<div class=\"elementor-widget-container\">\n\t\t\t\t\t\t\t\t\t<div class=\"elementor-button-wrapper\">\n\t\t\t\t\t<a class=\"elementor-button elementor-button-link elementor-size-sm\" href=\"https:\/\/www.bueter-hubtische.de\/nl\/project\/zware-lastentechniek-voor-europas-eerste-hyperloop-testtraject\/\" title=\"Projekt ansehen\">\n\t\t\t\t\t\t<span class=\"elementor-button-content-wrapper\">\n\t\t\t\t\t\t\t\t\t<span class=\"elementor-button-text\">Project bekijken<\/span>\n\t\t\t\t\t<\/span>\n\t\t\t\t\t<\/a>\n\t\t\t\t<\/div>\n\t\t\t\t\t\t\t\t<\/div>\n\t\t\t\t<\/div>\n\t\t\t\t\t<\/div>\n\t\t<\/div>\n\t\t\t\t\t<\/div>\n\t\t<\/section>\n\t\t\t\t<\/div>\n\t\t\t\t<div data-elementor-type=\"loop-item\" data-elementor-id=\"13090\" class=\"elementor elementor-13090 elementor-3445 elementor-3445 e-loop-item e-loop-item-16154 post-16154 projekt type-projekt status-publish hentry\" wpc-filter-elementor-widget=\"1\" data-elementor-post-type=\"elementor_library\" data-custom-edit-handle=\"1\">\n\t\t\t\t\t<section class=\"elementor-section elementor-top-section elementor-element elementor-element-7a92eb7 elementor-section-boxed elementor-section-height-default elementor-section-height-default\" data-id=\"7a92eb7\" data-element_type=\"section\" data-e-type=\"section\">\n\t\t\t\t\t\t<div class=\"elementor-container elementor-column-gap-default\">\n\t\t\t\t\t<div class=\"elementor-column elementor-col-100 elementor-top-column elementor-element elementor-element-049ebba\" data-id=\"049ebba\" data-element_type=\"column\" data-e-type=\"column\" data-settings=\"{&quot;background_background&quot;:&quot;classic&quot;}\">\n\t\t\t<div class=\"elementor-widget-wrap elementor-element-populated\">\n\t\t\t\t\t\t<div class=\"elementor-element elementor-element-05677a9 elementor-widget elementor-widget-image\" data-id=\"05677a9\" data-element_type=\"widget\" data-e-type=\"widget\" data-widget_type=\"image.default\">\n\t\t\t\t<div class=\"elementor-widget-container\">\n\t\t\t\t\t\t\t\t\t\t\t\t\t\t\t<img loading=\"lazy\" decoding=\"async\" width=\"1000\" height=\"750\" src=\"https:\/\/www.bueter-hubtische.de\/wp-content\/uploads\/2025\/04\/bueter-hebetechnik-referenz-instandhaltung-ice-4-zuege.jpg\" class=\"attachment-large size-large wp-image-16156\" alt=\"Instandhaltung f\u00fcr ICE-4-Z\u00fcge in Rekordzeit\" srcset=\"https:\/\/www.bueter-hubtische.de\/wp-content\/uploads\/2025\/04\/bueter-hebetechnik-referenz-instandhaltung-ice-4-zuege.jpg 1000w, https:\/\/www.bueter-hubtische.de\/wp-content\/uploads\/2025\/04\/bueter-hebetechnik-referenz-instandhaltung-ice-4-zuege-300x225.jpg 300w, https:\/\/www.bueter-hubtische.de\/wp-content\/uploads\/2025\/04\/bueter-hebetechnik-referenz-instandhaltung-ice-4-zuege-768x576.jpg 768w\" sizes=\"(max-width: 1000px) 100vw, 1000px\" \/>\t\t\t\t\t\t\t\t\t\t\t\t\t\t\t<\/div>\n\t\t\t\t<\/div>\n\t\t\t\t<div class=\"elementor-element elementor-element-6f59f09 elementor-widget elementor-widget-heading\" data-id=\"6f59f09\" data-element_type=\"widget\" data-e-type=\"widget\" data-widget_type=\"heading.default\">\n\t\t\t\t<div class=\"elementor-widget-container\">\n\t\t\t\t\t<h3 class=\"elementor-heading-title elementor-size-default\">Onderhoud voor ICE-4-treinen in recordtijd<\/h3>\t\t\t\t<\/div>\n\t\t\t\t<\/div>\n\t\t\t\t<div class=\"elementor-element elementor-element-328cae8 elementor-widget elementor-widget-button\" data-id=\"328cae8\" data-element_type=\"widget\" data-e-type=\"widget\" data-widget_type=\"button.default\">\n\t\t\t\t<div class=\"elementor-widget-container\">\n\t\t\t\t\t\t\t\t\t<div class=\"elementor-button-wrapper\">\n\t\t\t\t\t<a class=\"elementor-button elementor-button-link elementor-size-sm\" href=\"https:\/\/www.bueter-hubtische.de\/nl\/project\/onderhoud-voor-ice-4-treinen-in-recordtijd\/\" title=\"Projekt ansehen\">\n\t\t\t\t\t\t<span class=\"elementor-button-content-wrapper\">\n\t\t\t\t\t\t\t\t\t<span class=\"elementor-button-text\">Project bekijken<\/span>\n\t\t\t\t\t<\/span>\n\t\t\t\t\t<\/a>\n\t\t\t\t<\/div>\n\t\t\t\t\t\t\t\t<\/div>\n\t\t\t\t<\/div>\n\t\t\t\t\t<\/div>\n\t\t<\/div>\n\t\t\t\t\t<\/div>\n\t\t<\/section>\n\t\t\t\t<\/div>\n\t\t\t\t<div data-elementor-type=\"loop-item\" data-elementor-id=\"13090\" class=\"elementor elementor-13090 elementor-3445 elementor-3445 e-loop-item e-loop-item-16131 post-16131 projekt type-projekt status-publish hentry\" wpc-filter-elementor-widget=\"1\" data-elementor-post-type=\"elementor_library\" data-custom-edit-handle=\"1\">\n\t\t\t\t\t<section class=\"elementor-section elementor-top-section elementor-element elementor-element-7a92eb7 elementor-section-boxed elementor-section-height-default elementor-section-height-default\" data-id=\"7a92eb7\" data-element_type=\"section\" data-e-type=\"section\">\n\t\t\t\t\t\t<div class=\"elementor-container elementor-column-gap-default\">\n\t\t\t\t\t<div class=\"elementor-column elementor-col-100 elementor-top-column elementor-element elementor-element-049ebba\" data-id=\"049ebba\" data-element_type=\"column\" data-e-type=\"column\" data-settings=\"{&quot;background_background&quot;:&quot;classic&quot;}\">\n\t\t\t<div class=\"elementor-widget-wrap elementor-element-populated\">\n\t\t\t\t\t\t<div class=\"elementor-element elementor-element-05677a9 elementor-widget elementor-widget-image\" data-id=\"05677a9\" data-element_type=\"widget\" data-e-type=\"widget\" data-widget_type=\"image.default\">\n\t\t\t\t<div class=\"elementor-widget-container\">\n\t\t\t\t\t\t\t\t\t\t\t\t\t\t\t<img loading=\"lazy\" decoding=\"async\" width=\"1000\" height=\"750\" src=\"https:\/\/www.bueter-hubtische.de\/wp-content\/uploads\/2025\/04\/bueter-hebetechnik-referenz-hubtisch-schiffsentladung.jpg\" class=\"attachment-large size-large wp-image-16135\" alt=\"Schiffsentladung mit ma\u00dfgefertigtem Hubtisch\" srcset=\"https:\/\/www.bueter-hubtische.de\/wp-content\/uploads\/2025\/04\/bueter-hebetechnik-referenz-hubtisch-schiffsentladung.jpg 1000w, https:\/\/www.bueter-hubtische.de\/wp-content\/uploads\/2025\/04\/bueter-hebetechnik-referenz-hubtisch-schiffsentladung-300x225.jpg 300w, https:\/\/www.bueter-hubtische.de\/wp-content\/uploads\/2025\/04\/bueter-hebetechnik-referenz-hubtisch-schiffsentladung-768x576.jpg 768w\" sizes=\"(max-width: 1000px) 100vw, 1000px\" \/>\t\t\t\t\t\t\t\t\t\t\t\t\t\t\t<\/div>\n\t\t\t\t<\/div>\n\t\t\t\t<div class=\"elementor-element elementor-element-6f59f09 elementor-widget elementor-widget-heading\" data-id=\"6f59f09\" data-element_type=\"widget\" data-e-type=\"widget\" data-widget_type=\"heading.default\">\n\t\t\t\t<div class=\"elementor-widget-container\">\n\t\t\t\t\t<h3 class=\"elementor-heading-title elementor-size-default\">Scheepsontlading met op maat gemaakte heftafel<\/h3>\t\t\t\t<\/div>\n\t\t\t\t<\/div>\n\t\t\t\t<div class=\"elementor-element elementor-element-328cae8 elementor-widget elementor-widget-button\" data-id=\"328cae8\" data-element_type=\"widget\" data-e-type=\"widget\" data-widget_type=\"button.default\">\n\t\t\t\t<div class=\"elementor-widget-container\">\n\t\t\t\t\t\t\t\t\t<div class=\"elementor-button-wrapper\">\n\t\t\t\t\t<a class=\"elementor-button elementor-button-link elementor-size-sm\" href=\"https:\/\/www.bueter-hubtische.de\/nl\/project\/scheepsontlading-met-op-maat-gemaakte-heftafel\/\" title=\"Projekt ansehen\">\n\t\t\t\t\t\t<span class=\"elementor-button-content-wrapper\">\n\t\t\t\t\t\t\t\t\t<span class=\"elementor-button-text\">Project bekijken<\/span>\n\t\t\t\t\t<\/span>\n\t\t\t\t\t<\/a>\n\t\t\t\t<\/div>\n\t\t\t\t\t\t\t\t<\/div>\n\t\t\t\t<\/div>\n\t\t\t\t\t<\/div>\n\t\t<\/div>\n\t\t\t\t\t<\/div>\n\t\t<\/section>\n\t\t\t\t<\/div>\n\t\t\t\t<div data-elementor-type=\"loop-item\" data-elementor-id=\"13090\" class=\"elementor elementor-13090 elementor-3445 elementor-3445 e-loop-item e-loop-item-16144 post-16144 projekt type-projekt status-publish hentry einsatzgebiet-bouw-en-infrastructuur\" wpc-filter-elementor-widget=\"1\" data-elementor-post-type=\"elementor_library\" data-custom-edit-handle=\"1\">\n\t\t\t\t\t<section class=\"elementor-section elementor-top-section elementor-element elementor-element-7a92eb7 elementor-section-boxed elementor-section-height-default elementor-section-height-default\" data-id=\"7a92eb7\" data-element_type=\"section\" data-e-type=\"section\">\n\t\t\t\t\t\t<div class=\"elementor-container elementor-column-gap-default\">\n\t\t\t\t\t<div class=\"elementor-column elementor-col-100 elementor-top-column elementor-element elementor-element-049ebba\" data-id=\"049ebba\" data-element_type=\"column\" data-e-type=\"column\" data-settings=\"{&quot;background_background&quot;:&quot;classic&quot;}\">\n\t\t\t<div class=\"elementor-widget-wrap elementor-element-populated\">\n\t\t\t\t\t\t<div class=\"elementor-element elementor-element-05677a9 elementor-widget elementor-widget-image\" data-id=\"05677a9\" data-element_type=\"widget\" data-e-type=\"widget\" data-widget_type=\"image.default\">\n\t\t\t\t<div class=\"elementor-widget-container\">\n\t\t\t\t\t\t\t\t\t\t\t\t\t\t\t<img loading=\"lazy\" decoding=\"async\" width=\"1000\" height=\"750\" src=\"https:\/\/www.bueter-hubtische.de\/wp-content\/uploads\/2024\/09\/bueter-hebetechnik-referenz-hubarbeitsbuehne-fuer-koehlbrandbruecke-1.jpg\" class=\"attachment-large size-large wp-image-16145\" alt=\"Hubarbeitsb\u00fchnen f\u00fcr Inspektionseins\u00e4tze unter der K\u00f6hlbrandbr\u00fccke\" srcset=\"https:\/\/www.bueter-hubtische.de\/wp-content\/uploads\/2024\/09\/bueter-hebetechnik-referenz-hubarbeitsbuehne-fuer-koehlbrandbruecke-1.jpg 1000w, https:\/\/www.bueter-hubtische.de\/wp-content\/uploads\/2024\/09\/bueter-hebetechnik-referenz-hubarbeitsbuehne-fuer-koehlbrandbruecke-1-300x225.jpg 300w, https:\/\/www.bueter-hubtische.de\/wp-content\/uploads\/2024\/09\/bueter-hebetechnik-referenz-hubarbeitsbuehne-fuer-koehlbrandbruecke-1-768x576.jpg 768w\" sizes=\"(max-width: 1000px) 100vw, 1000px\" \/>\t\t\t\t\t\t\t\t\t\t\t\t\t\t\t<\/div>\n\t\t\t\t<\/div>\n\t\t\t\t<div class=\"elementor-element elementor-element-6f59f09 elementor-widget elementor-widget-heading\" data-id=\"6f59f09\" data-element_type=\"widget\" data-e-type=\"widget\" data-widget_type=\"heading.default\">\n\t\t\t\t<div class=\"elementor-widget-container\">\n\t\t\t\t\t<h3 class=\"elementor-heading-title elementor-size-default\">Hoogwerkers voor inspectiewerkzaamheden onder de K\u00f6hlbrandbrug<\/h3>\t\t\t\t<\/div>\n\t\t\t\t<\/div>\n\t\t\t\t<div class=\"elementor-element elementor-element-328cae8 elementor-widget elementor-widget-button\" data-id=\"328cae8\" data-element_type=\"widget\" data-e-type=\"widget\" data-widget_type=\"button.default\">\n\t\t\t\t<div class=\"elementor-widget-container\">\n\t\t\t\t\t\t\t\t\t<div class=\"elementor-button-wrapper\">\n\t\t\t\t\t<a class=\"elementor-button elementor-button-link elementor-size-sm\" href=\"https:\/\/www.bueter-hubtische.de\/nl\/project\/hoogwerkers-voor-inspectiewerkzaamheden-onder-de-koehlbrandbrug\/\" title=\"Projekt ansehen\">\n\t\t\t\t\t\t<span class=\"elementor-button-content-wrapper\">\n\t\t\t\t\t\t\t\t\t<span class=\"elementor-button-text\">Project bekijken<\/span>\n\t\t\t\t\t<\/span>\n\t\t\t\t\t<\/a>\n\t\t\t\t<\/div>\n\t\t\t\t\t\t\t\t<\/div>\n\t\t\t\t<\/div>\n\t\t\t\t\t<\/div>\n\t\t<\/div>\n\t\t\t\t\t<\/div>\n\t\t<\/section>\n\t\t\t\t<\/div>\n\t\t\t\t<\/div>\n\t\t\n\t\t\t\t\t\t<\/div>\n\t\t\t\t<\/div>\n\t\t\t\t\t<\/div>\n\t\t<\/div>\n\t\t\t\t\t<\/div>\n\t\t<\/section>\n\t\t\t\t<section class=\"elementor-section elementor-top-section elementor-element elementor-element-fd6e2fa elementor-section-boxed elementor-section-height-default elementor-section-height-default\" data-id=\"fd6e2fa\" data-element_type=\"section\" data-e-type=\"section\" id=\"partner\">\n\t\t\t\t\t\t<div class=\"elementor-container elementor-column-gap-no\">\n\t\t\t\t\t<div class=\"elementor-column elementor-col-100 elementor-top-column elementor-element elementor-element-39fa7ab\" data-id=\"39fa7ab\" data-element_type=\"column\" data-e-type=\"column\">\n\t\t\t<div class=\"elementor-widget-wrap elementor-element-populated\">\n\t\t\t\t\t\t<div class=\"elementor-element elementor-element-cc54dc5 elementor-widget elementor-widget-heading\" data-id=\"cc54dc5\" data-element_type=\"widget\" data-e-type=\"widget\" data-widget_type=\"heading.default\">\n\t\t\t\t<div class=\"elementor-widget-container\">\n\t\t\t\t\t<h2 class=\"elementor-heading-title elementor-size-default\">Bedrijven waarmee wij succesvol samenwerken<\/h2>\t\t\t\t<\/div>\n\t\t\t\t<\/div>\n\t\t\t\t<div class=\"elementor-element elementor-element-079014a uael-img-grid__column-5 uael-img-grid-tablet__column-5 uael-img-grid-mobile__column-3 uael-ins-normal elementor-widget elementor-widget-uael-image-gallery\" data-id=\"079014a\" data-element_type=\"widget\" data-e-type=\"widget\" data-settings=\"{&quot;gallery_columns&quot;:&quot;5&quot;,&quot;gallery_columns_tablet&quot;:&quot;5&quot;,&quot;column_gap&quot;:{&quot;unit&quot;:&quot;px&quot;,&quot;size&quot;:160,&quot;sizes&quot;:[]},&quot;column_gap_tablet&quot;:{&quot;unit&quot;:&quot;px&quot;,&quot;size&quot;:35,&quot;sizes&quot;:[]},&quot;column_gap_mobile&quot;:{&quot;unit&quot;:&quot;px&quot;,&quot;size&quot;:15,&quot;sizes&quot;:[]},&quot;row_gap&quot;:{&quot;unit&quot;:&quot;px&quot;,&quot;size&quot;:15,&quot;sizes&quot;:[]},&quot;row_gap_tablet&quot;:{&quot;unit&quot;:&quot;px&quot;,&quot;size&quot;:0,&quot;sizes&quot;:[]},&quot;row_gap_mobile&quot;:{&quot;unit&quot;:&quot;px&quot;,&quot;size&quot;:0,&quot;sizes&quot;:[]},&quot;gallery_columns_mobile&quot;:&quot;3&quot;,&quot;images_valign&quot;:&quot;flex-start&quot;}\" data-widget_type=\"uael-image-gallery.default\">\n\t\t\t\t<div class=\"elementor-widget-container\">\n\t\t\t\t\t<div class=\"uael-gallery-parent uael-caption- uael-gallery-unjustified\"><div class=\"uael-img-gallery-wrap uael-img-grid-wrap uael-img-grid-masonry-wrap\" data-filter-default=\"Alle\"><div class=\"uael-grid-item  uael-img-gallery-item-1\"><div class=\"uael-grid-item-content\"><figure class=\"uael-grid-img uael-grid-gallery-img uael-ins-hover elementor-clickable\"><div class=\"uael-grid-img-thumbnail uael-ins-target\"><img loading=\"lazy\" decoding=\"async\" width=\"400\" height=\"300\" src=\"https:\/\/www.bueter-hubtische.de\/wp-content\/uploads\/2025\/07\/bueter-referenz-partner-aichelin.webp\" class=\"attachment-full size-full wp-image-12644\" alt=\"Aichelin\" srcset=\"https:\/\/www.bueter-hubtische.de\/wp-content\/uploads\/2025\/07\/bueter-referenz-partner-aichelin.webp 400w, https:\/\/www.bueter-hubtische.de\/wp-content\/uploads\/2025\/07\/bueter-referenz-partner-aichelin-300x225.webp 300w\" sizes=\"(max-width: 400px) 100vw, 400px\" \/><\/div><div class=\"uael-grid-img-overlay\"><\/div><\/figure><\/div><\/div><div class=\"uael-grid-item  uael-img-gallery-item-2\"><div class=\"uael-grid-item-content\"><figure class=\"uael-grid-img uael-grid-gallery-img uael-ins-hover elementor-clickable\"><div class=\"uael-grid-img-thumbnail uael-ins-target\"><img loading=\"lazy\" decoding=\"async\" width=\"400\" height=\"300\" src=\"https:\/\/www.bueter-hubtische.de\/wp-content\/uploads\/2025\/07\/bueter-referenz-partner-amazone.webp\" class=\"attachment-full size-full wp-image-12645\" alt=\"Amazone\" srcset=\"https:\/\/www.bueter-hubtische.de\/wp-content\/uploads\/2025\/07\/bueter-referenz-partner-amazone.webp 400w, https:\/\/www.bueter-hubtische.de\/wp-content\/uploads\/2025\/07\/bueter-referenz-partner-amazone-300x225.webp 300w\" sizes=\"(max-width: 400px) 100vw, 400px\" \/><\/div><div class=\"uael-grid-img-overlay\"><\/div><\/figure><\/div><\/div><div class=\"uael-grid-item  uael-img-gallery-item-3\"><div class=\"uael-grid-item-content\"><figure class=\"uael-grid-img uael-grid-gallery-img uael-ins-hover elementor-clickable\"><div class=\"uael-grid-img-thumbnail uael-ins-target\"><img loading=\"lazy\" decoding=\"async\" width=\"400\" height=\"300\" src=\"https:\/\/www.bueter-hubtische.de\/wp-content\/uploads\/2025\/07\/bueter-referenz-partner-broetje.webp\" class=\"attachment-full size-full wp-image-12646\" alt=\"Broetje\" srcset=\"https:\/\/www.bueter-hubtische.de\/wp-content\/uploads\/2025\/07\/bueter-referenz-partner-broetje.webp 400w, https:\/\/www.bueter-hubtische.de\/wp-content\/uploads\/2025\/07\/bueter-referenz-partner-broetje-300x225.webp 300w\" sizes=\"(max-width: 400px) 100vw, 400px\" \/><\/div><div class=\"uael-grid-img-overlay\"><\/div><\/figure><\/div><\/div><div class=\"uael-grid-item  uael-img-gallery-item-4\"><div class=\"uael-grid-item-content\"><figure class=\"uael-grid-img uael-grid-gallery-img uael-ins-hover elementor-clickable\"><div class=\"uael-grid-img-thumbnail uael-ins-target\"><img loading=\"lazy\" decoding=\"async\" width=\"400\" height=\"300\" src=\"https:\/\/www.bueter-hubtische.de\/wp-content\/uploads\/2025\/07\/bueter-referenz-partner-cidan.webp\" class=\"attachment-full size-full wp-image-12647\" alt=\"Cidan\" srcset=\"https:\/\/www.bueter-hubtische.de\/wp-content\/uploads\/2025\/07\/bueter-referenz-partner-cidan.webp 400w, https:\/\/www.bueter-hubtische.de\/wp-content\/uploads\/2025\/07\/bueter-referenz-partner-cidan-300x225.webp 300w\" sizes=\"(max-width: 400px) 100vw, 400px\" \/><\/div><div class=\"uael-grid-img-overlay\"><\/div><\/figure><\/div><\/div><div class=\"uael-grid-item  uael-img-gallery-item-5\"><div class=\"uael-grid-item-content\"><figure class=\"uael-grid-img uael-grid-gallery-img uael-ins-hover elementor-clickable\"><div class=\"uael-grid-img-thumbnail uael-ins-target\"><img loading=\"lazy\" decoding=\"async\" width=\"400\" height=\"300\" src=\"https:\/\/www.bueter-hubtische.de\/wp-content\/uploads\/2025\/07\/bueter-referenz-partner-deutsche-bahn.webp\" class=\"attachment-full size-full wp-image-12648\" alt=\"Deutsche Bahn\" srcset=\"https:\/\/www.bueter-hubtische.de\/wp-content\/uploads\/2025\/07\/bueter-referenz-partner-deutsche-bahn.webp 400w, https:\/\/www.bueter-hubtische.de\/wp-content\/uploads\/2025\/07\/bueter-referenz-partner-deutsche-bahn-300x225.webp 300w\" sizes=\"(max-width: 400px) 100vw, 400px\" \/><\/div><div class=\"uael-grid-img-overlay\"><\/div><\/figure><\/div><\/div><div class=\"uael-grid-item  uael-img-gallery-item-6\"><div class=\"uael-grid-item-content\"><figure class=\"uael-grid-img uael-grid-gallery-img uael-ins-hover elementor-clickable\"><div class=\"uael-grid-img-thumbnail uael-ins-target\"><img loading=\"lazy\" decoding=\"async\" width=\"400\" height=\"300\" src=\"https:\/\/www.bueter-hubtische.de\/wp-content\/uploads\/2025\/07\/bueter-referenz-partner-ds-automotion.webp\" class=\"attachment-full size-full wp-image-12649\" alt=\"DS Automotion\" srcset=\"https:\/\/www.bueter-hubtische.de\/wp-content\/uploads\/2025\/07\/bueter-referenz-partner-ds-automotion.webp 400w, https:\/\/www.bueter-hubtische.de\/wp-content\/uploads\/2025\/07\/bueter-referenz-partner-ds-automotion-300x225.webp 300w\" sizes=\"(max-width: 400px) 100vw, 400px\" \/><\/div><div class=\"uael-grid-img-overlay\"><\/div><\/figure><\/div><\/div><div class=\"uael-grid-item  uael-img-gallery-item-7\"><div class=\"uael-grid-item-content\"><figure class=\"uael-grid-img uael-grid-gallery-img uael-ins-hover elementor-clickable\"><div class=\"uael-grid-img-thumbnail uael-ins-target\"><img loading=\"lazy\" decoding=\"async\" width=\"400\" height=\"300\" src=\"https:\/\/www.bueter-hubtische.de\/wp-content\/uploads\/2025\/07\/bueter-referenz-partner-ebner.webp\" class=\"attachment-full size-full wp-image-12650\" alt=\"Ebner\" srcset=\"https:\/\/www.bueter-hubtische.de\/wp-content\/uploads\/2025\/07\/bueter-referenz-partner-ebner.webp 400w, https:\/\/www.bueter-hubtische.de\/wp-content\/uploads\/2025\/07\/bueter-referenz-partner-ebner-300x225.webp 300w\" sizes=\"(max-width: 400px) 100vw, 400px\" \/><\/div><div class=\"uael-grid-img-overlay\"><\/div><\/figure><\/div><\/div><div class=\"uael-grid-item  uael-img-gallery-item-8\"><div class=\"uael-grid-item-content\"><figure class=\"uael-grid-img uael-grid-gallery-img uael-ins-hover elementor-clickable\"><div class=\"uael-grid-img-thumbnail uael-ins-target\"><img loading=\"lazy\" decoding=\"async\" width=\"400\" height=\"300\" src=\"https:\/\/www.bueter-hubtische.de\/wp-content\/uploads\/2025\/07\/bueter-referenz-partner-exide.webp\" class=\"attachment-full size-full wp-image-12651\" alt=\"Exide\" srcset=\"https:\/\/www.bueter-hubtische.de\/wp-content\/uploads\/2025\/07\/bueter-referenz-partner-exide.webp 400w, https:\/\/www.bueter-hubtische.de\/wp-content\/uploads\/2025\/07\/bueter-referenz-partner-exide-300x225.webp 300w\" sizes=\"(max-width: 400px) 100vw, 400px\" \/><\/div><div class=\"uael-grid-img-overlay\"><\/div><\/figure><\/div><\/div><div class=\"uael-grid-item  uael-img-gallery-item-9\"><div class=\"uael-grid-item-content\"><figure class=\"uael-grid-img uael-grid-gallery-img uael-ins-hover elementor-clickable\"><div class=\"uael-grid-img-thumbnail uael-ins-target\"><img loading=\"lazy\" decoding=\"async\" width=\"400\" height=\"300\" src=\"https:\/\/www.bueter-hubtische.de\/wp-content\/uploads\/2025\/07\/bueter-referenz-partner-fette.webp\" class=\"attachment-full size-full wp-image-12652\" alt=\"Fette\" srcset=\"https:\/\/www.bueter-hubtische.de\/wp-content\/uploads\/2025\/07\/bueter-referenz-partner-fette.webp 400w, https:\/\/www.bueter-hubtische.de\/wp-content\/uploads\/2025\/07\/bueter-referenz-partner-fette-300x225.webp 300w\" sizes=\"(max-width: 400px) 100vw, 400px\" \/><\/div><div class=\"uael-grid-img-overlay\"><\/div><\/figure><\/div><\/div><div class=\"uael-grid-item  uael-img-gallery-item-10\"><div class=\"uael-grid-item-content\"><figure class=\"uael-grid-img uael-grid-gallery-img uael-ins-hover elementor-clickable\"><div class=\"uael-grid-img-thumbnail uael-ins-target\"><img loading=\"lazy\" decoding=\"async\" width=\"400\" height=\"300\" src=\"https:\/\/www.bueter-hubtische.de\/wp-content\/uploads\/2025\/07\/bueter-referenz-partner-hochtief.webp\" class=\"attachment-full size-full wp-image-12653\" alt=\"Hochtief\" srcset=\"https:\/\/www.bueter-hubtische.de\/wp-content\/uploads\/2025\/07\/bueter-referenz-partner-hochtief.webp 400w, https:\/\/www.bueter-hubtische.de\/wp-content\/uploads\/2025\/07\/bueter-referenz-partner-hochtief-300x225.webp 300w\" sizes=\"(max-width: 400px) 100vw, 400px\" \/><\/div><div class=\"uael-grid-img-overlay\"><\/div><\/figure><\/div><\/div><div class=\"uael-grid-item  uael-img-gallery-item-11\"><div class=\"uael-grid-item-content\"><figure class=\"uael-grid-img uael-grid-gallery-img uael-ins-hover elementor-clickable\"><div class=\"uael-grid-img-thumbnail uael-ins-target\"><img loading=\"lazy\" decoding=\"async\" width=\"400\" height=\"300\" src=\"https:\/\/www.bueter-hubtische.de\/wp-content\/uploads\/2025\/07\/bueter-referenz-partner-interroll.webp\" class=\"attachment-full size-full wp-image-12654\" alt=\"Interroll\" srcset=\"https:\/\/www.bueter-hubtische.de\/wp-content\/uploads\/2025\/07\/bueter-referenz-partner-interroll.webp 400w, https:\/\/www.bueter-hubtische.de\/wp-content\/uploads\/2025\/07\/bueter-referenz-partner-interroll-300x225.webp 300w\" sizes=\"(max-width: 400px) 100vw, 400px\" \/><\/div><div class=\"uael-grid-img-overlay\"><\/div><\/figure><\/div><\/div><div class=\"uael-grid-item  uael-img-gallery-item-12\"><div class=\"uael-grid-item-content\"><figure class=\"uael-grid-img uael-grid-gallery-img uael-ins-hover elementor-clickable\"><div class=\"uael-grid-img-thumbnail uael-ins-target\"><img loading=\"lazy\" decoding=\"async\" width=\"400\" height=\"300\" src=\"https:\/\/www.bueter-hubtische.de\/wp-content\/uploads\/2025\/07\/bueter-referenz-partner-kba.webp\" class=\"attachment-full size-full wp-image-12655\" alt=\"KBA\" srcset=\"https:\/\/www.bueter-hubtische.de\/wp-content\/uploads\/2025\/07\/bueter-referenz-partner-kba.webp 400w, https:\/\/www.bueter-hubtische.de\/wp-content\/uploads\/2025\/07\/bueter-referenz-partner-kba-300x225.webp 300w\" sizes=\"(max-width: 400px) 100vw, 400px\" \/><\/div><div class=\"uael-grid-img-overlay\"><\/div><\/figure><\/div><\/div><div class=\"uael-grid-item  uael-img-gallery-item-13\"><div class=\"uael-grid-item-content\"><figure class=\"uael-grid-img uael-grid-gallery-img uael-ins-hover elementor-clickable\"><div class=\"uael-grid-img-thumbnail uael-ins-target\"><img loading=\"lazy\" decoding=\"async\" width=\"400\" height=\"300\" src=\"https:\/\/www.bueter-hubtische.de\/wp-content\/uploads\/2025\/07\/bueter-referenz-partner-kohler.webp\" class=\"attachment-full size-full wp-image-12656\" alt=\"Kohler\" srcset=\"https:\/\/www.bueter-hubtische.de\/wp-content\/uploads\/2025\/07\/bueter-referenz-partner-kohler.webp 400w, https:\/\/www.bueter-hubtische.de\/wp-content\/uploads\/2025\/07\/bueter-referenz-partner-kohler-300x225.webp 300w\" sizes=\"(max-width: 400px) 100vw, 400px\" \/><\/div><div class=\"uael-grid-img-overlay\"><\/div><\/figure><\/div><\/div><div class=\"uael-grid-item  uael-img-gallery-item-14\"><div class=\"uael-grid-item-content\"><figure class=\"uael-grid-img uael-grid-gallery-img uael-ins-hover elementor-clickable\"><div class=\"uael-grid-img-thumbnail uael-ins-target\"><img loading=\"lazy\" decoding=\"async\" width=\"400\" height=\"300\" src=\"https:\/\/www.bueter-hubtische.de\/wp-content\/uploads\/2025\/07\/bueter-referenz-partner-kone.webp\" class=\"attachment-full size-full wp-image-12657\" alt=\"Kone\" srcset=\"https:\/\/www.bueter-hubtische.de\/wp-content\/uploads\/2025\/07\/bueter-referenz-partner-kone.webp 400w, https:\/\/www.bueter-hubtische.de\/wp-content\/uploads\/2025\/07\/bueter-referenz-partner-kone-300x225.webp 300w\" sizes=\"(max-width: 400px) 100vw, 400px\" \/><\/div><div class=\"uael-grid-img-overlay\"><\/div><\/figure><\/div><\/div><div class=\"uael-grid-item  uael-img-gallery-item-15\"><div class=\"uael-grid-item-content\"><figure class=\"uael-grid-img uael-grid-gallery-img uael-ins-hover elementor-clickable\"><div class=\"uael-grid-img-thumbnail uael-ins-target\"><img loading=\"lazy\" decoding=\"async\" width=\"400\" height=\"300\" src=\"https:\/\/www.bueter-hubtische.de\/wp-content\/uploads\/2025\/07\/bueter-referenz-partner-kraatskaas.webp\" class=\"attachment-full size-full wp-image-12658\" alt=\"Kraats Kaas\" srcset=\"https:\/\/www.bueter-hubtische.de\/wp-content\/uploads\/2025\/07\/bueter-referenz-partner-kraatskaas.webp 400w, https:\/\/www.bueter-hubtische.de\/wp-content\/uploads\/2025\/07\/bueter-referenz-partner-kraatskaas-300x225.webp 300w\" sizes=\"(max-width: 400px) 100vw, 400px\" \/><\/div><div class=\"uael-grid-img-overlay\"><\/div><\/figure><\/div><\/div><div class=\"uael-grid-item  uael-img-gallery-item-16\"><div class=\"uael-grid-item-content\"><figure class=\"uael-grid-img uael-grid-gallery-img uael-ins-hover elementor-clickable\"><div class=\"uael-grid-img-thumbnail uael-ins-target\"><img loading=\"lazy\" decoding=\"async\" width=\"400\" height=\"300\" src=\"https:\/\/www.bueter-hubtische.de\/wp-content\/uploads\/2025\/07\/bueter-referenz-partner-krone.webp\" class=\"attachment-full size-full wp-image-12659\" alt=\"Krone\" srcset=\"https:\/\/www.bueter-hubtische.de\/wp-content\/uploads\/2025\/07\/bueter-referenz-partner-krone.webp 400w, https:\/\/www.bueter-hubtische.de\/wp-content\/uploads\/2025\/07\/bueter-referenz-partner-krone-300x225.webp 300w\" sizes=\"(max-width: 400px) 100vw, 400px\" \/><\/div><div class=\"uael-grid-img-overlay\"><\/div><\/figure><\/div><\/div><div class=\"uael-grid-item  uael-img-gallery-item-17\"><div class=\"uael-grid-item-content\"><figure class=\"uael-grid-img uael-grid-gallery-img uael-ins-hover elementor-clickable\"><div class=\"uael-grid-img-thumbnail uael-ins-target\"><img loading=\"lazy\" decoding=\"async\" width=\"400\" height=\"300\" src=\"https:\/\/www.bueter-hubtische.de\/wp-content\/uploads\/2025\/07\/bueter-referenz-partner-kubota.webp\" class=\"attachment-full size-full wp-image-12660\" alt=\"Kubota\" srcset=\"https:\/\/www.bueter-hubtische.de\/wp-content\/uploads\/2025\/07\/bueter-referenz-partner-kubota.webp 400w, https:\/\/www.bueter-hubtische.de\/wp-content\/uploads\/2025\/07\/bueter-referenz-partner-kubota-300x225.webp 300w\" sizes=\"(max-width: 400px) 100vw, 400px\" \/><\/div><div class=\"uael-grid-img-overlay\"><\/div><\/figure><\/div><\/div><div class=\"uael-grid-item  uael-img-gallery-item-18\"><div class=\"uael-grid-item-content\"><figure class=\"uael-grid-img uael-grid-gallery-img uael-ins-hover elementor-clickable\"><div class=\"uael-grid-img-thumbnail uael-ins-target\"><img loading=\"lazy\" decoding=\"async\" width=\"400\" height=\"300\" src=\"https:\/\/www.bueter-hubtische.de\/wp-content\/uploads\/2025\/07\/bueter-referenz-partner-lemken.webp\" class=\"attachment-full size-full wp-image-12661\" alt=\"Lemken\" srcset=\"https:\/\/www.bueter-hubtische.de\/wp-content\/uploads\/2025\/07\/bueter-referenz-partner-lemken.webp 400w, https:\/\/www.bueter-hubtische.de\/wp-content\/uploads\/2025\/07\/bueter-referenz-partner-lemken-300x225.webp 300w\" sizes=\"(max-width: 400px) 100vw, 400px\" \/><\/div><div class=\"uael-grid-img-overlay\"><\/div><\/figure><\/div><\/div><div class=\"uael-grid-item  uael-img-gallery-item-19\"><div class=\"uael-grid-item-content\"><figure class=\"uael-grid-img uael-grid-gallery-img uael-ins-hover elementor-clickable\"><div class=\"uael-grid-img-thumbnail uael-ins-target\"><img loading=\"lazy\" decoding=\"async\" width=\"400\" height=\"300\" src=\"https:\/\/www.bueter-hubtische.de\/wp-content\/uploads\/2025\/07\/bueter-referenz-partner-linde.webp\" class=\"attachment-full size-full wp-image-12662\" alt=\"Linde\" srcset=\"https:\/\/www.bueter-hubtische.de\/wp-content\/uploads\/2025\/07\/bueter-referenz-partner-linde.webp 400w, https:\/\/www.bueter-hubtische.de\/wp-content\/uploads\/2025\/07\/bueter-referenz-partner-linde-300x225.webp 300w\" sizes=\"(max-width: 400px) 100vw, 400px\" \/><\/div><div class=\"uael-grid-img-overlay\"><\/div><\/figure><\/div><\/div><div class=\"uael-grid-item  uael-img-gallery-item-20\"><div class=\"uael-grid-item-content\"><figure class=\"uael-grid-img uael-grid-gallery-img uael-ins-hover elementor-clickable\"><div class=\"uael-grid-img-thumbnail uael-ins-target\"><img loading=\"lazy\" decoding=\"async\" width=\"400\" height=\"300\" src=\"https:\/\/www.bueter-hubtische.de\/wp-content\/uploads\/2025\/07\/bueter-referenz-partner-lufthansa-technik.webp\" class=\"attachment-full size-full wp-image-12663\" alt=\"Lufthansa Technik\" srcset=\"https:\/\/www.bueter-hubtische.de\/wp-content\/uploads\/2025\/07\/bueter-referenz-partner-lufthansa-technik.webp 400w, https:\/\/www.bueter-hubtische.de\/wp-content\/uploads\/2025\/07\/bueter-referenz-partner-lufthansa-technik-300x225.webp 300w\" sizes=\"(max-width: 400px) 100vw, 400px\" \/><\/div><div class=\"uael-grid-img-overlay\"><\/div><\/figure><\/div><\/div><div class=\"uael-grid-item  uael-img-gallery-item-21\"><div class=\"uael-grid-item-content\"><figure class=\"uael-grid-img uael-grid-gallery-img uael-ins-hover elementor-clickable\"><div class=\"uael-grid-img-thumbnail uael-ins-target\"><img loading=\"lazy\" decoding=\"async\" width=\"400\" height=\"300\" src=\"https:\/\/www.bueter-hubtische.de\/wp-content\/uploads\/2025\/07\/bueter-referenz-partner-mce.webp\" class=\"attachment-full size-full wp-image-12664\" alt=\"MCE\" srcset=\"https:\/\/www.bueter-hubtische.de\/wp-content\/uploads\/2025\/07\/bueter-referenz-partner-mce.webp 400w, https:\/\/www.bueter-hubtische.de\/wp-content\/uploads\/2025\/07\/bueter-referenz-partner-mce-300x225.webp 300w\" sizes=\"(max-width: 400px) 100vw, 400px\" \/><\/div><div class=\"uael-grid-img-overlay\"><\/div><\/figure><\/div><\/div><div class=\"uael-grid-item  uael-img-gallery-item-22\"><div class=\"uael-grid-item-content\"><figure class=\"uael-grid-img uael-grid-gallery-img uael-ins-hover elementor-clickable\"><div class=\"uael-grid-img-thumbnail uael-ins-target\"><img loading=\"lazy\" decoding=\"async\" width=\"400\" height=\"300\" src=\"https:\/\/www.bueter-hubtische.de\/wp-content\/uploads\/2025\/07\/bueter-referenz-partner-meyer-werft.webp\" class=\"attachment-full size-full wp-image-12665\" alt=\"Meyer Werft\" srcset=\"https:\/\/www.bueter-hubtische.de\/wp-content\/uploads\/2025\/07\/bueter-referenz-partner-meyer-werft.webp 400w, https:\/\/www.bueter-hubtische.de\/wp-content\/uploads\/2025\/07\/bueter-referenz-partner-meyer-werft-300x225.webp 300w\" sizes=\"(max-width: 400px) 100vw, 400px\" \/><\/div><div class=\"uael-grid-img-overlay\"><\/div><\/figure><\/div><\/div><div class=\"uael-grid-item  uael-img-gallery-item-23\"><div class=\"uael-grid-item-content\"><figure class=\"uael-grid-img uael-grid-gallery-img uael-ins-hover elementor-clickable\"><div class=\"uael-grid-img-thumbnail uael-ins-target\"><img loading=\"lazy\" decoding=\"async\" width=\"400\" height=\"300\" src=\"https:\/\/www.bueter-hubtische.de\/wp-content\/uploads\/2025\/07\/bueter-referenz-partner-mtu.webp\" class=\"attachment-full size-full wp-image-12666\" alt=\"MTU\" srcset=\"https:\/\/www.bueter-hubtische.de\/wp-content\/uploads\/2025\/07\/bueter-referenz-partner-mtu.webp 400w, https:\/\/www.bueter-hubtische.de\/wp-content\/uploads\/2025\/07\/bueter-referenz-partner-mtu-300x225.webp 300w\" sizes=\"(max-width: 400px) 100vw, 400px\" \/><\/div><div class=\"uael-grid-img-overlay\"><\/div><\/figure><\/div><\/div><div class=\"uael-grid-item  uael-img-gallery-item-24\"><div class=\"uael-grid-item-content\"><figure class=\"uael-grid-img uael-grid-gallery-img uael-ins-hover elementor-clickable\"><div class=\"uael-grid-img-thumbnail uael-ins-target\"><img loading=\"lazy\" decoding=\"async\" width=\"400\" height=\"300\" src=\"https:\/\/www.bueter-hubtische.de\/wp-content\/uploads\/2025\/07\/bueter-referenz-partner-nijl.webp\" class=\"attachment-full size-full wp-image-12667\" alt=\"NIJL\" srcset=\"https:\/\/www.bueter-hubtische.de\/wp-content\/uploads\/2025\/07\/bueter-referenz-partner-nijl.webp 400w, https:\/\/www.bueter-hubtische.de\/wp-content\/uploads\/2025\/07\/bueter-referenz-partner-nijl-300x225.webp 300w\" sizes=\"(max-width: 400px) 100vw, 400px\" \/><\/div><div class=\"uael-grid-img-overlay\"><\/div><\/figure><\/div><\/div><div class=\"uael-grid-item  uael-img-gallery-item-25\"><div class=\"uael-grid-item-content\"><figure class=\"uael-grid-img uael-grid-gallery-img uael-ins-hover elementor-clickable\"><div class=\"uael-grid-img-thumbnail uael-ins-target\"><img loading=\"lazy\" decoding=\"async\" width=\"400\" height=\"300\" src=\"https:\/\/www.bueter-hubtische.de\/wp-content\/uploads\/2025\/07\/bueter-referenz-partner-obb.webp\" class=\"attachment-full size-full wp-image-12668\" alt=\"OOB\" srcset=\"https:\/\/www.bueter-hubtische.de\/wp-content\/uploads\/2025\/07\/bueter-referenz-partner-obb.webp 400w, https:\/\/www.bueter-hubtische.de\/wp-content\/uploads\/2025\/07\/bueter-referenz-partner-obb-300x225.webp 300w\" sizes=\"(max-width: 400px) 100vw, 400px\" \/><\/div><div class=\"uael-grid-img-overlay\"><\/div><\/figure><\/div><\/div><div class=\"uael-grid-item  uael-img-gallery-item-26\"><div class=\"uael-grid-item-content\"><figure class=\"uael-grid-img uael-grid-gallery-img uael-ins-hover elementor-clickable\"><div class=\"uael-grid-img-thumbnail uael-ins-target\"><img loading=\"lazy\" decoding=\"async\" width=\"400\" height=\"300\" src=\"https:\/\/www.bueter-hubtische.de\/wp-content\/uploads\/2025\/07\/bueter-referenz-partner-paus.webp\" class=\"attachment-full size-full wp-image-12693\" alt=\"\" srcset=\"https:\/\/www.bueter-hubtische.de\/wp-content\/uploads\/2025\/07\/bueter-referenz-partner-paus.webp 400w, https:\/\/www.bueter-hubtische.de\/wp-content\/uploads\/2025\/07\/bueter-referenz-partner-paus-300x225.webp 300w\" sizes=\"(max-width: 400px) 100vw, 400px\" \/><\/div><div class=\"uael-grid-img-overlay\"><\/div><\/figure><\/div><\/div><div class=\"uael-grid-item  uael-img-gallery-item-27\"><div class=\"uael-grid-item-content\"><figure class=\"uael-grid-img uael-grid-gallery-img uael-ins-hover elementor-clickable\"><div class=\"uael-grid-img-thumbnail uael-ins-target\"><img loading=\"lazy\" decoding=\"async\" width=\"400\" height=\"300\" src=\"https:\/\/www.bueter-hubtische.de\/wp-content\/uploads\/2025\/07\/bueter-referenz-partner-poeppelmann.webp\" class=\"attachment-full size-full wp-image-12694\" alt=\"\" srcset=\"https:\/\/www.bueter-hubtische.de\/wp-content\/uploads\/2025\/07\/bueter-referenz-partner-poeppelmann.webp 400w, https:\/\/www.bueter-hubtische.de\/wp-content\/uploads\/2025\/07\/bueter-referenz-partner-poeppelmann-300x225.webp 300w\" sizes=\"(max-width: 400px) 100vw, 400px\" \/><\/div><div class=\"uael-grid-img-overlay\"><\/div><\/figure><\/div><\/div><div class=\"uael-grid-item  uael-img-gallery-item-28\"><div class=\"uael-grid-item-content\"><figure class=\"uael-grid-img uael-grid-gallery-img uael-ins-hover elementor-clickable\"><div class=\"uael-grid-img-thumbnail uael-ins-target\"><img loading=\"lazy\" decoding=\"async\" width=\"400\" height=\"300\" src=\"https:\/\/www.bueter-hubtische.de\/wp-content\/uploads\/2025\/07\/bueter-referenz-partner-rippert.webp\" class=\"attachment-full size-full wp-image-12695\" alt=\"\" srcset=\"https:\/\/www.bueter-hubtische.de\/wp-content\/uploads\/2025\/07\/bueter-referenz-partner-rippert.webp 400w, https:\/\/www.bueter-hubtische.de\/wp-content\/uploads\/2025\/07\/bueter-referenz-partner-rippert-300x225.webp 300w\" sizes=\"(max-width: 400px) 100vw, 400px\" \/><\/div><div class=\"uael-grid-img-overlay\"><\/div><\/figure><\/div><\/div><div class=\"uael-grid-item  uael-img-gallery-item-29\"><div class=\"uael-grid-item-content\"><figure class=\"uael-grid-img uael-grid-gallery-img uael-ins-hover elementor-clickable\"><div class=\"uael-grid-img-thumbnail uael-ins-target\"><img loading=\"lazy\" decoding=\"async\" width=\"400\" height=\"300\" src=\"https:\/\/www.bueter-hubtische.de\/wp-content\/uploads\/2025\/07\/bueter-referenz-partner-roechling.webp\" class=\"attachment-full size-full wp-image-12696\" alt=\"\" srcset=\"https:\/\/www.bueter-hubtische.de\/wp-content\/uploads\/2025\/07\/bueter-referenz-partner-roechling.webp 400w, https:\/\/www.bueter-hubtische.de\/wp-content\/uploads\/2025\/07\/bueter-referenz-partner-roechling-300x225.webp 300w\" sizes=\"(max-width: 400px) 100vw, 400px\" \/><\/div><div class=\"uael-grid-img-overlay\"><\/div><\/figure><\/div><\/div><div class=\"uael-grid-item  uael-img-gallery-item-30\"><div class=\"uael-grid-item-content\"><figure class=\"uael-grid-img uael-grid-gallery-img uael-ins-hover elementor-clickable\"><div class=\"uael-grid-img-thumbnail uael-ins-target\"><img loading=\"lazy\" decoding=\"async\" width=\"400\" height=\"300\" src=\"https:\/\/www.bueter-hubtische.de\/wp-content\/uploads\/2025\/07\/bueter-referenz-partner-roma.webp\" class=\"attachment-full size-full wp-image-12697\" alt=\"\" srcset=\"https:\/\/www.bueter-hubtische.de\/wp-content\/uploads\/2025\/07\/bueter-referenz-partner-roma.webp 400w, https:\/\/www.bueter-hubtische.de\/wp-content\/uploads\/2025\/07\/bueter-referenz-partner-roma-300x225.webp 300w\" sizes=\"(max-width: 400px) 100vw, 400px\" \/><\/div><div class=\"uael-grid-img-overlay\"><\/div><\/figure><\/div><\/div><div class=\"uael-grid-item  uael-img-gallery-item-31\"><div class=\"uael-grid-item-content\"><figure class=\"uael-grid-img uael-grid-gallery-img uael-ins-hover elementor-clickable\"><div class=\"uael-grid-img-thumbnail uael-ins-target\"><img loading=\"lazy\" decoding=\"async\" width=\"400\" height=\"300\" src=\"https:\/\/www.bueter-hubtische.de\/wp-content\/uploads\/2025\/07\/bueter-referenz-partner-ruag.webp\" class=\"attachment-full size-full wp-image-12698\" alt=\"\" srcset=\"https:\/\/www.bueter-hubtische.de\/wp-content\/uploads\/2025\/07\/bueter-referenz-partner-ruag.webp 400w, https:\/\/www.bueter-hubtische.de\/wp-content\/uploads\/2025\/07\/bueter-referenz-partner-ruag-300x225.webp 300w\" sizes=\"(max-width: 400px) 100vw, 400px\" \/><\/div><div class=\"uael-grid-img-overlay\"><\/div><\/figure><\/div><\/div><div class=\"uael-grid-item  uael-img-gallery-item-32\"><div class=\"uael-grid-item-content\"><figure class=\"uael-grid-img uael-grid-gallery-img uael-ins-hover elementor-clickable\"><div class=\"uael-grid-img-thumbnail uael-ins-target\"><img loading=\"lazy\" decoding=\"async\" width=\"400\" height=\"300\" src=\"https:\/\/www.bueter-hubtische.de\/wp-content\/uploads\/2025\/07\/bueter-referenz-partner-siemens.webp\" class=\"attachment-full size-full wp-image-12699\" alt=\"\" srcset=\"https:\/\/www.bueter-hubtische.de\/wp-content\/uploads\/2025\/07\/bueter-referenz-partner-siemens.webp 400w, https:\/\/www.bueter-hubtische.de\/wp-content\/uploads\/2025\/07\/bueter-referenz-partner-siemens-300x225.webp 300w\" sizes=\"(max-width: 400px) 100vw, 400px\" \/><\/div><div class=\"uael-grid-img-overlay\"><\/div><\/figure><\/div><\/div><div class=\"uael-grid-item  uael-img-gallery-item-33\"><div class=\"uael-grid-item-content\"><figure class=\"uael-grid-img uael-grid-gallery-img uael-ins-hover elementor-clickable\"><div class=\"uael-grid-img-thumbnail uael-ins-target\"><img loading=\"lazy\" decoding=\"async\" width=\"400\" height=\"300\" src=\"https:\/\/www.bueter-hubtische.de\/wp-content\/uploads\/2025\/07\/bueter-referenz-partner-sms-group.webp\" class=\"attachment-full size-full wp-image-12700\" alt=\"\" srcset=\"https:\/\/www.bueter-hubtische.de\/wp-content\/uploads\/2025\/07\/bueter-referenz-partner-sms-group.webp 400w, https:\/\/www.bueter-hubtische.de\/wp-content\/uploads\/2025\/07\/bueter-referenz-partner-sms-group-300x225.webp 300w\" sizes=\"(max-width: 400px) 100vw, 400px\" \/><\/div><div class=\"uael-grid-img-overlay\"><\/div><\/figure><\/div><\/div><div class=\"uael-grid-item  uael-img-gallery-item-34\"><div class=\"uael-grid-item-content\"><figure class=\"uael-grid-img uael-grid-gallery-img uael-ins-hover elementor-clickable\"><div class=\"uael-grid-img-thumbnail uael-ins-target\"><img loading=\"lazy\" decoding=\"async\" width=\"400\" height=\"300\" src=\"https:\/\/www.bueter-hubtische.de\/wp-content\/uploads\/2025\/07\/bueter-referenz-partner-ssi-schaefer.webp\" class=\"attachment-full size-full wp-image-12701\" alt=\"\" srcset=\"https:\/\/www.bueter-hubtische.de\/wp-content\/uploads\/2025\/07\/bueter-referenz-partner-ssi-schaefer.webp 400w, https:\/\/www.bueter-hubtische.de\/wp-content\/uploads\/2025\/07\/bueter-referenz-partner-ssi-schaefer-300x225.webp 300w\" sizes=\"(max-width: 400px) 100vw, 400px\" \/><\/div><div class=\"uael-grid-img-overlay\"><\/div><\/figure><\/div><\/div><div class=\"uael-grid-item  uael-img-gallery-item-35\"><div class=\"uael-grid-item-content\"><figure class=\"uael-grid-img uael-grid-gallery-img uael-ins-hover elementor-clickable\"><div class=\"uael-grid-img-thumbnail uael-ins-target\"><img loading=\"lazy\" decoding=\"async\" width=\"400\" height=\"300\" src=\"https:\/\/www.bueter-hubtische.de\/wp-content\/uploads\/2025\/07\/bueter-referenz-partner-thyssenkrupp.webp\" class=\"attachment-full size-full wp-image-12702\" alt=\"\" srcset=\"https:\/\/www.bueter-hubtische.de\/wp-content\/uploads\/2025\/07\/bueter-referenz-partner-thyssenkrupp.webp 400w, https:\/\/www.bueter-hubtische.de\/wp-content\/uploads\/2025\/07\/bueter-referenz-partner-thyssenkrupp-300x225.webp 300w\" sizes=\"(max-width: 400px) 100vw, 400px\" \/><\/div><div class=\"uael-grid-img-overlay\"><\/div><\/figure><\/div><\/div><div class=\"uael-grid-item  uael-img-gallery-item-36\"><div class=\"uael-grid-item-content\"><figure class=\"uael-grid-img uael-grid-gallery-img uael-ins-hover elementor-clickable\"><div class=\"uael-grid-img-thumbnail uael-ins-target\"><img loading=\"lazy\" decoding=\"async\" width=\"400\" height=\"300\" src=\"https:\/\/www.bueter-hubtische.de\/wp-content\/uploads\/2025\/07\/bueter-referenz-partner-vmi-group.webp\" class=\"attachment-full size-full wp-image-12703\" alt=\"\" srcset=\"https:\/\/www.bueter-hubtische.de\/wp-content\/uploads\/2025\/07\/bueter-referenz-partner-vmi-group.webp 400w, https:\/\/www.bueter-hubtische.de\/wp-content\/uploads\/2025\/07\/bueter-referenz-partner-vmi-group-300x225.webp 300w\" sizes=\"(max-width: 400px) 100vw, 400px\" \/><\/div><div class=\"uael-grid-img-overlay\"><\/div><\/figure><\/div><\/div><div class=\"uael-grid-item  uael-img-gallery-item-37\"><div class=\"uael-grid-item-content\"><figure class=\"uael-grid-img uael-grid-gallery-img uael-ins-hover elementor-clickable\"><div class=\"uael-grid-img-thumbnail uael-ins-target\"><img loading=\"lazy\" decoding=\"async\" width=\"400\" height=\"300\" src=\"https:\/\/www.bueter-hubtische.de\/wp-content\/uploads\/2025\/07\/bueter-referenz-partner-waelzholz.webp\" class=\"attachment-full size-full wp-image-12704\" alt=\"\" srcset=\"https:\/\/www.bueter-hubtische.de\/wp-content\/uploads\/2025\/07\/bueter-referenz-partner-waelzholz.webp 400w, https:\/\/www.bueter-hubtische.de\/wp-content\/uploads\/2025\/07\/bueter-referenz-partner-waelzholz-300x225.webp 300w\" sizes=\"(max-width: 400px) 100vw, 400px\" \/><\/div><div class=\"uael-grid-img-overlay\"><\/div><\/figure><\/div><\/div><div class=\"uael-grid-item  uael-img-gallery-item-38\"><div class=\"uael-grid-item-content\"><figure class=\"uael-grid-img uael-grid-gallery-img uael-ins-hover elementor-clickable\"><div class=\"uael-grid-img-thumbnail uael-ins-target\"><img loading=\"lazy\" decoding=\"async\" width=\"400\" height=\"300\" src=\"https:\/\/www.bueter-hubtische.de\/wp-content\/uploads\/2025\/07\/bueter-referenz-partner-wessels.webp\" class=\"attachment-full size-full wp-image-12705\" alt=\"\" srcset=\"https:\/\/www.bueter-hubtische.de\/wp-content\/uploads\/2025\/07\/bueter-referenz-partner-wessels.webp 400w, https:\/\/www.bueter-hubtische.de\/wp-content\/uploads\/2025\/07\/bueter-referenz-partner-wessels-300x225.webp 300w\" sizes=\"(max-width: 400px) 100vw, 400px\" \/><\/div><div class=\"uael-grid-img-overlay\"><\/div><\/figure><\/div><\/div><div class=\"uael-grid-item  uael-img-gallery-item-39\"><div class=\"uael-grid-item-content\"><figure class=\"uael-grid-img uael-grid-gallery-img uael-ins-hover elementor-clickable\"><div class=\"uael-grid-img-thumbnail uael-ins-target\"><img loading=\"lazy\" decoding=\"async\" width=\"400\" height=\"300\" src=\"https:\/\/www.bueter-hubtische.de\/wp-content\/uploads\/2025\/07\/bueter-referenz-partner-wheelabrator.webp\" class=\"attachment-full size-full wp-image-12706\" alt=\"\" srcset=\"https:\/\/www.bueter-hubtische.de\/wp-content\/uploads\/2025\/07\/bueter-referenz-partner-wheelabrator.webp 400w, https:\/\/www.bueter-hubtische.de\/wp-content\/uploads\/2025\/07\/bueter-referenz-partner-wheelabrator-300x225.webp 300w\" sizes=\"(max-width: 400px) 100vw, 400px\" \/><\/div><div class=\"uael-grid-img-overlay\"><\/div><\/figure><\/div><\/div><div class=\"uael-grid-item  uael-img-gallery-item-40\"><div class=\"uael-grid-item-content\"><figure class=\"uael-grid-img uael-grid-gallery-img uael-ins-hover elementor-clickable\"><div class=\"uael-grid-img-thumbnail uael-ins-target\"><img loading=\"lazy\" decoding=\"async\" width=\"400\" height=\"300\" src=\"https:\/\/www.bueter-hubtische.de\/wp-content\/uploads\/2025\/07\/bueter-referenz-partner-windmeoller-hoelscher.webp\" class=\"attachment-full size-full wp-image-12707\" alt=\"\" srcset=\"https:\/\/www.bueter-hubtische.de\/wp-content\/uploads\/2025\/07\/bueter-referenz-partner-windmeoller-hoelscher.webp 400w, https:\/\/www.bueter-hubtische.de\/wp-content\/uploads\/2025\/07\/bueter-referenz-partner-windmeoller-hoelscher-300x225.webp 300w\" sizes=\"(max-width: 400px) 100vw, 400px\" \/><\/div><div class=\"uael-grid-img-overlay\"><\/div><\/figure><\/div><\/div><\/div><\/div>\t\t\t\t<\/div>\n\t\t\t\t<\/div>\n\t\t\t\t\t<\/div>\n\t\t<\/div>\n\t\t\t\t\t<\/div>\n\t\t<\/section>\n\t\t\t\t<section class=\"elementor-section elementor-top-section elementor-element elementor-element-ce603be elementor-section-boxed elementor-section-height-default elementor-section-height-default\" data-id=\"ce603be\" data-element_type=\"section\" data-e-type=\"section\" data-settings=\"{&quot;background_background&quot;:&quot;gradient&quot;}\">\n\t\t\t\t\t\t<div class=\"elementor-container elementor-column-gap-no\">\n\t\t\t\t\t<div class=\"elementor-column elementor-col-100 elementor-top-column elementor-element elementor-element-d8009a6\" data-id=\"d8009a6\" data-element_type=\"column\" data-e-type=\"column\">\n\t\t\t<div class=\"elementor-widget-wrap elementor-element-populated\">\n\t\t\t\t\t\t<section class=\"elementor-section elementor-inner-section elementor-element elementor-element-2aa1b8a elementor-section-boxed elementor-section-height-default elementor-section-height-default\" data-id=\"2aa1b8a\" data-element_type=\"section\" data-e-type=\"section\" data-settings=\"{&quot;background_background&quot;:&quot;classic&quot;}\">\n\t\t\t\t\t\t<div class=\"elementor-container elementor-column-gap-no\">\n\t\t\t\t\t<div class=\"elementor-column elementor-col-50 elementor-inner-column elementor-element elementor-element-bfeaf06\" data-id=\"bfeaf06\" data-element_type=\"column\" data-e-type=\"column\">\n\t\t\t<div class=\"elementor-widget-wrap elementor-element-populated\">\n\t\t\t\t\t\t<div class=\"elementor-element elementor-element-bcf09e5 elementor-widget elementor-widget-global elementor-global-13645 elementor-global-2852 elementor-widget-heading\" data-id=\"bcf09e5\" data-element_type=\"widget\" data-e-type=\"widget\" data-widget_type=\"heading.default\">\n\t\t\t\t<div class=\"elementor-widget-container\">\n\t\t\t\t\t<p class=\"elementor-heading-title elementor-size-default\">Aan de slag met B\u00dcTER Hebetechnik: neem nu contact met ons op!<\/p>\t\t\t\t<\/div>\n\t\t\t\t<\/div>\n\t\t\t\t<div class=\"elementor-element elementor-element-214c404 elementor-widget elementor-widget-global elementor-global-13670 elementor-global-2855 elementor-widget-text-editor\" data-id=\"214c404\" data-element_type=\"widget\" data-e-type=\"widget\" data-widget_type=\"text-editor.default\">\n\t\t\t\t<div class=\"elementor-widget-container\">\n\t\t\t\t\t\t\t\t\t<p>Wij helpen bij elke uitdaging met de juiste heftechniek. Ons team ondersteunt u met professioneel advies om de juiste beslissing te nemen, want wij zijn uw experts voor hefinstallaties. <\/p>\t\t\t\t\t\t\t\t<\/div>\n\t\t\t\t<\/div>\n\t\t\t\t\t<\/div>\n\t\t<\/div>\n\t\t\t\t<div class=\"elementor-column elementor-col-50 elementor-inner-column elementor-element elementor-element-20d05b7\" data-id=\"20d05b7\" data-element_type=\"column\" data-e-type=\"column\">\n\t\t\t<div class=\"elementor-widget-wrap elementor-element-populated\">\n\t\t\t\t\t\t<div class=\"elementor-element elementor-element-74b78ae elementor-widget__width-auto elementor-widget-tablet__width-inherit elementor-widget-mobile__width-inherit elementor-icon-list--layout-traditional elementor-list-item-link-full_width elementor-widget elementor-widget-global elementor-global-13674 elementor-global-2861 elementor-widget-icon-list\" data-id=\"74b78ae\" data-element_type=\"widget\" data-e-type=\"widget\" data-widget_type=\"icon-list.default\">\n\t\t\t\t<div class=\"elementor-widget-container\">\n\t\t\t\t\t\t\t<ul class=\"elementor-icon-list-items\">\n\t\t\t\t\t\t\t<li class=\"elementor-icon-list-item\">\n\t\t\t\t\t\t\t\t\t\t\t<a href=\"tel:+49593570590\" title=\"+49 (0) 5935 \u2013 7059-0\">\n\n\t\t\t\t\t\t\t\t\t\t\t\t<span class=\"elementor-icon-list-icon\">\n\t\t\t\t\t\t\t<svg aria-hidden=\"true\" class=\"e-font-icon-svg e-fas-phone-alt\" viewBox=\"0 0 512 512\" xmlns=\"http:\/\/www.w3.org\/2000\/svg\"><path d=\"M497.39 361.8l-112-48a24 24 0 0 0-28 6.9l-49.6 60.6A370.66 370.66 0 0 1 130.6 204.11l60.6-49.6a23.94 23.94 0 0 0 6.9-28l-48-112A24.16 24.16 0 0 0 122.6.61l-104 24A24 24 0 0 0 0 48c0 256.5 207.9 464 464 464a24 24 0 0 0 23.4-18.6l24-104a24.29 24.29 0 0 0-14.01-27.6z\"><\/path><\/svg>\t\t\t\t\t\t<\/span>\n\t\t\t\t\t\t\t\t\t\t<span class=\"elementor-icon-list-text\"><u>+49 (0) 5935 \u2013 7059-0<\/u><\/span>\n\t\t\t\t\t\t\t\t\t\t\t<\/a>\n\t\t\t\t\t\t\t\t\t<\/li>\n\t\t\t\t\t\t\t\t<li class=\"elementor-icon-list-item\">\n\t\t\t\t\t\t\t\t\t\t\t<a href=\"mailto:info@bueter.de\" title=\"info@bueter.de\">\n\n\t\t\t\t\t\t\t\t\t\t\t\t<span class=\"elementor-icon-list-icon\">\n\t\t\t\t\t\t\t<svg aria-hidden=\"true\" class=\"e-font-icon-svg e-fas-envelope\" viewBox=\"0 0 512 512\" xmlns=\"http:\/\/www.w3.org\/2000\/svg\"><path d=\"M502.3 190.8c3.9-3.1 9.7-.2 9.7 4.7V400c0 26.5-21.5 48-48 48H48c-26.5 0-48-21.5-48-48V195.6c0-5 5.7-7.8 9.7-4.7 22.4 17.4 52.1 39.5 154.1 113.6 21.1 15.4 56.7 47.8 92.2 47.6 35.7.3 72-32.8 92.3-47.6 102-74.1 131.6-96.3 154-113.7zM256 320c23.2.4 56.6-29.2 73.4-41.4 132.7-96.3 142.8-104.7 173.4-128.7 5.8-4.5 9.2-11.5 9.2-18.9v-19c0-26.5-21.5-48-48-48H48C21.5 64 0 85.5 0 112v19c0 7.4 3.4 14.3 9.2 18.9 30.6 23.9 40.7 32.4 173.4 128.7 16.8 12.2 50.2 41.8 73.4 41.4z\"><\/path><\/svg>\t\t\t\t\t\t<\/span>\n\t\t\t\t\t\t\t\t\t\t<span class=\"elementor-icon-list-text\"><u>info@bueter.de<\/u><\/span>\n\t\t\t\t\t\t\t\t\t\t\t<\/a>\n\t\t\t\t\t\t\t\t\t<\/li>\n\t\t\t\t\t\t\t\t<li class=\"elementor-icon-list-item\">\n\t\t\t\t\t\t\t\t\t\t\t<a href=\"https:\/\/www.bueter-hubtische.de\/kontakt\/\" title=\"Nachricht schreiben\">\n\n\t\t\t\t\t\t\t\t\t\t\t\t<span class=\"elementor-icon-list-icon\">\n\t\t\t\t\t\t\t<svg aria-hidden=\"true\" class=\"e-font-icon-svg e-fas-comment\" viewBox=\"0 0 512 512\" xmlns=\"http:\/\/www.w3.org\/2000\/svg\"><path d=\"M256 32C114.6 32 0 125.1 0 240c0 49.6 21.4 95 57 130.7C44.5 421.1 2.7 466 2.2 466.5c-2.2 2.3-2.8 5.7-1.5 8.7S4.8 480 8 480c66.3 0 116-31.8 140.6-51.4 32.7 12.3 69 19.4 107.4 19.4 141.4 0 256-93.1 256-208S397.4 32 256 32z\"><\/path><\/svg>\t\t\t\t\t\t<\/span>\n\t\t\t\t\t\t\t\t\t\t<span class=\"elementor-icon-list-text\"><u>Bericht schrijven<\/u><\/span>\n\t\t\t\t\t\t\t\t\t\t\t<\/a>\n\t\t\t\t\t\t\t\t\t<\/li>\n\t\t\t\t\t\t<\/ul>\n\t\t\t\t\t\t<\/div>\n\t\t\t\t<\/div>\n\t\t\t\t\t<\/div>\n\t\t<\/div>\n\t\t\t\t\t<\/div>\n\t\t<\/section>\n\t\t\t\t\t<\/div>\n\t\t<\/div>\n\t\t\t\t\t<\/div>\n\t\t<\/section>\n\t\t\t\t<\/div>\n\t\t","protected":false},"excerpt":{"rendered":"<p>Een selectie van onze projecten referenties Onze referentieprojecten staan voor op maat gemaakte, innovatieve oplossingen die wij samen met onze klanten hebben gerealiseerd. Klik op de projecten om meer te weten te komen over de ingezette technologie\u00ebn en behaalde resultaten. Daarnaast vindt u hier een selectie van bedrijven waarmee wij reeds succesvol hebben samengewerkt \u2013 [&hellip;]<\/p>\n","protected":false},"author":1,"featured_media":0,"parent":0,"menu_order":0,"comment_status":"closed","ping_status":"closed","template":"","meta":{"_acf_changed":false,"site-sidebar-layout":"no-sidebar","site-content-layout":"page-builder","ast-site-content-layout":"full-width-container","site-content-style":"unboxed","site-sidebar-style":"unboxed","ast-global-header-display":"","ast-banner-title-visibility":"","ast-main-header-display":"","ast-hfb-above-header-display":"","ast-hfb-below-header-display":"","ast-hfb-mobile-header-display":"","site-post-title":"disabled","ast-breadcrumbs-content":"","ast-featured-img":"disabled","footer-sml-layout":"","ast-disable-related-posts":"","theme-transparent-header-meta":"","adv-header-id-meta":"","stick-header-meta":"","header-above-stick-meta":"","header-main-stick-meta":"","header-below-stick-meta":"","astra-migrate-meta-layouts":"default","ast-page-background-enabled":"default","ast-page-background-meta":{"desktop":{"background-color":"var(--ast-global-color-4)","background-image":"","background-repeat":"repeat","background-position":"center center","background-size":"auto","background-attachment":"scroll","background-type":"","background-media":"","overlay-type":"","overlay-color":"","overlay-opacity":"","overlay-gradient":""},"tablet":{"background-color":"","background-image":"","background-repeat":"repeat","background-position":"center center","background-size":"auto","background-attachment":"scroll","background-type":"","background-media":"","overlay-type":"","overlay-color":"","overlay-opacity":"","overlay-gradient":""},"mobile":{"background-color":"","background-image":"","background-repeat":"repeat","background-position":"center center","background-size":"auto","background-attachment":"scroll","background-type":"","background-media":"","overlay-type":"","overlay-color":"","overlay-opacity":"","overlay-gradient":""}},"ast-content-background-meta":{"desktop":{"background-color":"var(--ast-global-color-5)","background-image":"","background-repeat":"repeat","background-position":"center center","background-size":"auto","background-attachment":"scroll","background-type":"","background-media":"","overlay-type":"","overlay-color":"","overlay-opacity":"","overlay-gradient":""},"tablet":{"background-color":"var(--ast-global-color-5)","background-image":"","background-repeat":"repeat","background-position":"center center","background-size":"auto","background-attachment":"scroll","background-type":"","background-media":"","overlay-type":"","overlay-color":"","overlay-opacity":"","overlay-gradient":""},"mobile":{"background-color":"var(--ast-global-color-5)","background-image":"","background-repeat":"repeat","background-position":"center center","background-size":"auto","background-attachment":"scroll","background-type":"","background-media":"","overlay-type":"","overlay-color":"","overlay-opacity":"","overlay-gradient":""}},"footnotes":""},"class_list":["post-13034","page","type-page","status-publish","hentry"],"acf":[],"_links":{"self":[{"href":"https:\/\/www.bueter-hubtische.de\/nl\/wp-json\/wp\/v2\/pages\/13034","targetHints":{"allow":["GET"]}}],"collection":[{"href":"https:\/\/www.bueter-hubtische.de\/nl\/wp-json\/wp\/v2\/pages"}],"about":[{"href":"https:\/\/www.bueter-hubtische.de\/nl\/wp-json\/wp\/v2\/types\/page"}],"author":[{"embeddable":true,"href":"https:\/\/www.bueter-hubtische.de\/nl\/wp-json\/wp\/v2\/users\/1"}],"replies":[{"embeddable":true,"href":"https:\/\/www.bueter-hubtische.de\/nl\/wp-json\/wp\/v2\/comments?post=13034"}],"version-history":[{"count":0,"href":"https:\/\/www.bueter-hubtische.de\/nl\/wp-json\/wp\/v2\/pages\/13034\/revisions"}],"wp:attachment":[{"href":"https:\/\/www.bueter-hubtische.de\/nl\/wp-json\/wp\/v2\/media?parent=13034"}],"curies":[{"name":"wp","href":"https:\/\/api.w.org\/{rel}","templated":true}]}}